{"id":18,"date":"2015-01-27T12:32:51","date_gmt":"2015-01-27T12:32:51","guid":{"rendered":"http:\/\/alfredjarry.fr\/jarry\/?page_id=18"},"modified":"2025-11-05T14:45:04","modified_gmt":"2025-11-05T14:45:04","slug":"letoile-absinthe","status":"publish","type":"page","link":"https:\/\/alfredjarry.fr\/jarry\/?page_id=18","title":{"rendered":"L&rsquo;\u00c9toile-Absinthe"},"content":{"rendered":"\n<p>Gr\u00e2ce \u00e0 la g\u00e9n\u00e9rosit\u00e9 de la mairie et de la biblioth\u00e8que de Laval, la totalit\u00e9 des num\u00e9ros de la revue de la Soci\u00e9t\u00e9 des Amis d&rsquo;Alfred Jarry, <em>L&rsquo;<\/em><i>\u00c9toile-Absinthe<\/i>, a \u00e9t\u00e9 num\u00e9ris\u00e9e et est \u00e0 pr\u00e9sent disponible sur ce site (\u00e0 l&rsquo;exception des num\u00e9ros les plus r\u00e9cents, des catalogues et des reprints). Vous pouvez t\u00e9l\u00e9charger chaque num\u00e9ro en faisant un clic droit de votre souris et \u00ab\u00a0<em>Enregistrer la cible du lien sous&#8230;<\/em>\u00a0\u00bb pour Mozilla\/Firefox ou Chrome ou \u00ab\u00a0<em>Enregistrer la cible sous&#8230;<\/em>\u00a0\u00bb pour Internet Explorer. Les fichiers sont en format image et texte; on peut donc effectuer des recherches plein texte en leur sein.<\/p>\n\n\n\n<p>La Num\u00e9risation de<em> l&rsquo;\u00c9toile-Absinthe<\/em> a \u00e9t\u00e9 r\u00e9alis\u00e9e en partenariat entre les Biblioth\u00e8ques municipales de Laval&nbsp;et la Soci\u00e9t\u00e9 des Amis d&rsquo;Alfred Jarry.<\/p>\n\n\n\n<p>Vous pouvez effectuer une recherche dans l&rsquo;ensemble des fichiers dans la barre de recherche \u00e0 gauche.<\/p>\n\n\n\n<p><a href=\"http:\/\/alfredjarry.fr\/amisjarry\/saaj\/Bulletin_adhesion_et_catalogue_2016.pdf\" target=\"_blank\" rel=\"noopener\">Catalogue des num\u00e9ros disponibles \u00e0 l&rsquo;achat<\/a><\/p>\n\n\n\n<h3 class=\"wp-block-heading\"><a href=\"http:\/\/alfredjarry.fr\/amisjarry\/fichiers_ea\/etoile_absinthe_001_2reduit.pdf\" target=\"_blank\" rel=\"noreferrer noopener\">1-2, mai 1979 :<\/a><\/h3>\n\n\n\n<p>&#8211; Michel LASCAUX, \u00ab La Men\u00e9e Hellequin \u00bb, p. 3-15<br>\n&#8211; Fran\u00e7ois CARADEC, \u00ab Alfred Jarry et Rabelais \u00bb [\u00ab \u00c9l\u00e9ments d&rsquo;une contribution d&rsquo;apparence lexicographique \u00e0 l&rsquo;\u00e9tude de Rabelais dans l&rsquo;ouvre de Jarry \u00bb ; paru primitivement dans le num\u00e9ro 15 des Cahiers du Coll\u00e8ge de Pataphysique, 23 clinamen 81 E.P.], p. 17-28<br>\n&#8211; Henri BORDILLON, \u00ab L&rsquo;Amour absolu, r\u00eave mallarm\u00e9en \u00bb, p. 29-51<br>\n&#8211; No\u00ebl ARNAUD, \u00ab De Messaline au tzar de toutes les Russies [Pour saluer Brunella ERULI] \u00bb, p. 53-65<br>\n&#8211; Brunella ERULI, \u00ab Sur les sources classiques de Messaline [ : collages et montages] \u00bb, p. 67-83<br>\n&#8211; \u00ab Pr\u00e9sentation de Messaline \u00bb, texte in\u00e9dit d&rsquo;Alfred JARRY, p. 85-86<br>\n&#8211; \u00ab P\u00e9gase \u00bb, texte in\u00e9dit de JARRY, pr\u00e9sent\u00e9 par Henri BORDILLON, p. 87-97<br>\n&#8211; Jean MARKALE, \u00ab La mythologie celtique dans l&rsquo;ouvre de Jarry \u00bb, p. 99-109<br>\n&#8211; Claude RAMEIL, \u00ab Bibliographie en langue fran\u00e7aise d&rsquo;A. Jarry depuis 1945 [Essai de bibliographie critique] \u00bb, p. 111-146<\/p>\n\n\n\n<h3 class=\"wp-block-heading\"><a href=\"http:\/\/alfredjarry.fr\/amisjarry\/fichiers_ea\/etoile_absinthe_003reduit.pdf\" target=\"_blank\" rel=\"noreferrer noopener\">3, octobre 1979<\/a><\/h3>\n\n\n\n<p>&#8211; No\u00ebl ARNAUD, \u00ab Le pr\u00e9sident nous t\u00e9l\u00e9phone \u00bb p. 3<br>\n&#8211; Henri BORDILLON, \u00ab Lettres in\u00e9dites de JARRY \u00e0 RICTUS \u00bb p. 5-9<br>\n&#8211; Patrick BESNIER, \u00ab Lettres in\u00e9dites de Jos\u00e9phin PELADAN \u00e0 Jules BARBEY D&rsquo;AUREVILLY (avec une r\u00e9ponse de ce dernier) \u00bb p. 10-31<br>\n&#8211; Henri B\u00c9HAR, \u00ab La culture potachique \u00e0 l&rsquo;assaut du Symbolisme : le cas JARRY \u00bb p. 32-47<br>\n&#8211; Henri BORDILLON, \u00ab Jarry en 1891 \u00bb p. 51-53<br>\n&#8211; Riewert EHRICH, \u00ab Bibliographie des ouvres d&rsquo;Alfred Jarry traduites en allemand et des \u00e9tudes et articles en allemand consacr\u00e9s \u00e0 Jarry \u00bb p. 54-58<br>\n&#8211; \u00ab Menus comptes et propos rendus \u00bb, p. 61-67<\/p>\n\n\n\n<h3 class=\"wp-block-heading\"><a href=\"http:\/\/alfredjarry.fr\/amisjarry\/fichiers_ea\/etoile_absinthe_004reduit.pdf\" target=\"_blank\" rel=\"noreferrer noopener\">4, d\u00e9cembre 1979<\/a><\/h3>\n\n\n\n<p>&#8211; Henri BORDILLON, \u00ab Jarry \u00e0 l&rsquo;Ouvre \u00bb, p. 9-23<br>\n&#8211; Jean-Paul GOUJON, \u00ab Notes sur Tinan et Jarry \u00bb, p. 27-30<br>\n&#8211; Jacques BONNAURE, \u00ab Les Jours et les nuits : une chronique perverse \u00bb, p. 31-36<br>\n&#8211; Philippe VAN DEN BROCK, \u00ab &lsquo;Pataphysique et pens\u00e9e sauvage \u00bb, p. 37-39<br>\n&#8211; Patrick BESNIER, \u00ab Lettre in\u00e9dite de Jarry \u00e0 Vallette \u00bb, p. 43-44<br>\n&#8211; Philippe VAN DEN BROCK, \u00ab Jarry \u00e0 la lettre \u00bb, p. 45-48<br>\n&#8211; Claude RAMEIL, \u00ab Miettes Bibliojarryques \u00bb, p. 51-54<br>\n&#8211; Claude RAMEIL, \u00ab Addenda Germanica \u00bb, p. 54<br>\n&#8211; Patrick BESNIER, Henri BORDILLON, \u00ab Menus comptes et propos rendus \u00bb, p. 57-61<\/p>\n\n\n\n<h3 class=\"wp-block-heading\"><a href=\"http:\/\/alfredjarry.fr\/amisjarry\/fichiers_ea\/etoile_absinthe_005_6reduit.pdf\" target=\"_blank\" rel=\"noreferrer noopener\">5-6, juin 1980<\/a><\/h3>\n\n\n\n<p>&#8211; Henri BORDILLON : \u00ab Avant-dire \u00bb, p. 5-6<br>\n&#8211; \u00ab Correspondance de Jarry avec F\u00e9n\u00e9on \u00bb, p. 7-24<br>\n&#8211; \u00ab Entretien avec Pascal Pia sur F\u00e9n\u00e9on \u00bb, p. 25-26<br>\n&#8211; \u00ab Trois lettres de F. F\u00e9n\u00e9on \u00e0 O. Mirbeau \u00bb, p. 27-29<br>\n&#8211; Philippe VAN DEN BROCK, \u00ab Riche Belgique \u00bb, p. 33-37<br>\n&#8211; Jos\u00e9 PIERRE, \u00ab Le Symbolisme en Belgique \u00bb, p. 38-41<br>\n&#8211; Alfred JARRY, \u00ab Les Marionnettes \u00bb, p. 42-47<br>\n&#8211; \u00ab Documents divers : Lettre in\u00e9dite de Jarry \u00e0 Fontainas &#8211; Compte-rendu de la conf\u00e9rence, par O. Maus &#8211; Les Pouchinels \u00bb, p. 48-49<br>\n&#8211; Bernard HUE, \u00ab L&rsquo;Empire ottoman dans Ubu encha\u00een\u00e9, ou l&rsquo;Envers et l&rsquo;Endroit \u00bb, p. 53-57<br>\n&#8211; Jean-Paul GOUJON, \u00ab Alfred Jarry, les Symbolistes, et la Mi-Car\u00eame \u00bb, p. 58-60<br>\n&#8211; \u00ab Lettre in\u00e9dite d&rsquo;Alfred Jarry \u00e0 Karl Bo\u00e8s \u00bb, p. 63<br>\n&#8211; \u00ab Le bois du lion noir \u00bb, p. 63-65<br>\n&#8211; \u00ab Menus comptes et propos rendus \u00bb, p. 69-74<br>\n&#8211; Brunella ERULI, \u00ab Italie : Jarry au th\u00e9\u00e2tre \u00bb, p. 75-78<br>\n&#8211; Bernard LE DOZE, \u00ab Youbou \u00e0 Londres \u00bb, p. 79-81<br>\n&#8211; Satuts de la Soci\u00e9t\u00e9 des Amis d&rsquo;Alfred Jarry, p. 81-84<\/p>\n\n\n\n<h3 class=\"wp-block-heading\"><a href=\"http:\/\/alfredjarry.fr\/amisjarry\/fichiers_ea\/etoile_absinthe_007_8reduit.pdf\" target=\"_blank\" rel=\"noreferrer noopener\">7-8, d\u00e9cembre 1980<\/a><\/h3>\n\n\n\n<p>&#8211; Yves-Alain FAVRE, \u00ab Suar\u00e8s ou l&rsquo;occasion manqu\u00e9e \u00bb, p. 7-15<br>\n&#8211; \u00ab Les relations de Suar\u00e8s avec le Mercure de France \u00bb, p. 16-32<br>\n&#8211; Andr\u00e9 SUARES, \u00ab Textes in\u00e9dits ou peu connus \u00bb, p. 35-41<br>\n&#8211; Jean-Paul GOUJON, \u00ab Menus propos sur une lettre de H\u00e9r\u00e9dia \u00e0 Jarry \u00bb, p. 45-48<br>\n&#8211; Brunella ERULI, \u00ab L&rsquo;Immacul\u00e9e Conception \u00bb, p. 49-60<br>\n&#8211; Fran\u00e7ois CARADEC, \u00ab Fantasio et Alfred \u00bb, p. 63-72<br>\n&#8211; \u00ab Documents compl\u00e9mentaires : Dossier F\u00e9n\u00e9on \u00bb, p. 75-77<br>\n&#8211; \u00ab Autour de la Libre Esth\u00e9tique \u00bb, p. 78-79<br>\n&#8211; Henri BORDILLON, \u00ab Mardrus et Jarry \u00bb, p. 80-83<br>\n&#8211; Patrick BESNIER, \u00ab Le Mage et la Princesse \u00bb, p. 84-87<br>\n&#8211; Claude RAMEIL, \u00ab Essais de Bibliographie critique (suite) \u00bb, p. 91-98<br>\n&#8211; \u00ab Addenda Germanica (suite) \u00bb, p. 99-100<br>\n&#8211; \u00ab Menus comptes et propos rendus \u00bb, p. 103-115<br>\n&#8211; Fran\u00e7ois CARADEC, \u00ab Jean Nohain \u00bb, p. 114-115<\/p>\n\n\n\n<h3 class=\"wp-block-heading\"><a href=\"http:\/\/alfredjarry.fr\/amisjarry\/fichiers_ea\/etoile_absinthe_009-12reduit.pdf\" target=\"_blank\" rel=\"noreferrer noopener\">9-12, 1981 <\/a>: Alfred Jarry, Pont-Aven et autres lieux (les textes non sign\u00e9s sont de Sylvain-Christian DAVID)<\/h3>\n\n\n\n<p>&#8211; No\u00ebl ARNAUD, \u00ab Dans ce num\u00e9ro \u00bb, p. 9-10<br>\n&#8211; Alfred JARRY, \u00ab Minutes I \u00bb, p. 16-21<br>\n&#8211; Alfred JARRY, \u00ab Minutes II \u00bb, p. 22-26<br>\n&#8211; Alfred JARRY, \u00ab Minutes III \u00bb, p. 27-28<br>\n&#8211; Alfred JARRY, \u00ab Les Ind\u00e9pendants \u00bb, p. 29-31<br>\n&#8211; Alfred JARRY, \u00ab Vallotton \u00bb, p. 32-33<br>\n&#8211; Alfred JARRY, \u00ab Neuvi\u00e8me exposition \u00e0 la Libre Esth\u00e9tique \u00bb, p. 34-36<br>\n&#8211; Sylvain-Christian DAVID, \u00ab Le regard d&rsquo;Alfred Jarry \u00bb, p. 37-41<br>\n&#8211; Jos PENNEC, Sylvain-Christian DAVID, \u00ab Quelques notes sur Charles Filiger \u00bb, p. 45-57<br>\n&#8211; \u00ab Jarry et Seguin \u00bb, p. 58-65<br>\n&#8211; \u00ab Jarry et Gauguin \u00bb, p. 66-72<br>\n&#8211; No\u00ebl ARNAUD, \u00ab S\u00e9rusier juge la peinture du XIXe si\u00e8cle \u00bb, p. 73-75<br>\n&#8211; \u00ab Jarry et Denis \u00bb, p. 76-82<br>\n&#8211; \u00ab Jarry et Bonnard \u00bb, p. 85-88<br>\n&#8211; \u00ab Jarry et Sarluis \u00bb, p. 89-97<br>\n&#8211; Alain MERCIER, \u00ab Jarry et Mouclier \u00bb, p. 98-101<br>\n&#8211; \u00ab Jarry et Rousseau \u00bb, p. 102-103<br>\n&#8211; \u00ab Jarry et Osbert \u00bb, p. 104-105<br>\n&#8211; \u00ab Jarry et Ravier \u00bb, p. 106-107<br>\n&#8211; \u00ab Jarry et Picasso \u00bb, p. 109-110<br>\n&#8211; \u00ab Jarry et Am\u00e9d\u00e9o \u00bb, p. 111<br>\n&#8211; \u00ab Remerciements \u00bb, p. 112<br>\n&#8211; Fran\u00e7ois CARADEC, \u00ab \u00c0 propos d&rsquo;Ubu sur la Butte et de le censure \u00bb, p. 117-118<br>\n&#8211; Henri B\u00c9HAR, \u00ab Jarry \u00e0 l&rsquo;\u00e9preuve [Note pour une \u00e9dition critique de Les Jours et les nuits \u00bb, p. 119-125<br>\n&#8211; \u00ab Menus comptes et propos rendus \u00bb, p. 126-127<\/p>\n\n\n\n<h3 class=\"wp-block-heading\"><a href=\"http:\/\/alfredjarry.fr\/amisjarry\/fichiers_ea\/etoile_absinthe_013_14reduit.pdf\" target=\"_blank\" rel=\"noreferrer noopener\">13-14, 1982<\/a><\/h3>\n\n\n\n<p>&#8211; Christophe DOMINO, \u00ab Le Surm\u00e2le d&rsquo;Alfred Jarry : roman moderne ? \u00bb, p. 5-15<br>\n&#8211; Dominique SINEUX, \u00ab Alfred Jarry et Paul Val\u00e9ry. Val\u00e9ry pataphysicien \u00bb, p. 16-22<br>\n&#8211; Yves-Alain FAVRE, \u00ab Pr\u00e9cisions sur Jarry et Mallarm\u00e9 \u00bb, p. 23-33<br>\n&#8211; Henri BORDILLON, \u00ab En marge de L&rsquo;Amour absolu \u00bb, p. 34-40<br>\n&#8211; Jean-Paul GOUJON, \u00ab Jarry et la Revue encyclop\u00e9dique \u00bb, p. 41-45<br>\n&#8211; \u00ab Menus comptes et propos rendus \u00bb, p. 46-48<\/p>\n\n\n\n<h3 class=\"wp-block-heading\">15\/16&nbsp;: Catalogue <em>Jarry e la patafisica, arte, letteratura, spettacolo<\/em><\/h3>\n\n\n\n<p>Jarry e la patafisica&nbsp;:arte, literattura, spettacolo<br>\nA cura di Enrico Baj, Vincenzo Accame, Brunella Eruli<\/p>\n\n\n\n<h3 class=\"wp-block-heading\"><a href=\"http:\/\/alfredjarry.fr\/amisjarry\/fichiers_ea\/etoile_absinthe_017_18.pdf\" target=\"_blank\" rel=\"noreferrer noopener\">17\/18&nbsp;: Jarry au <em>Figaro<\/em>&nbsp;; E.Strauss&nbsp;; Saint-Pol-Roux&nbsp;; P\u00e9ladan&#8230;<\/a><\/h3>\n\n\n\n<p>Dossier&nbsp;: textes de Jarry, pr\u00e9sent\u00e9s par Henri Bordillon<br>\nHenri Bordillon&nbsp;: \u00ab&nbsp;Jarry au Figaro&nbsp;\u00bb<br>\nAlfred Jarry&nbsp;: \u00ab&nbsp;Le Vaccin du soleil&nbsp;\u00bb<br>\n[Henri Bordillon]&nbsp;: \u00ab&nbsp;Jamais deux sans trois&nbsp;\u00bb<br>\nDeux documents&nbsp;: Lettre de Alfred Jarry \u00e0 Rachilde<br>\n<em>Messaline<\/em>&nbsp;: Pri\u00e8re d\u2019ins\u00e9rer<br>\nAlain Mercier&nbsp;: \u00ab&nbsp;Emile Strauss et Alfred Jarry&nbsp;\u00bb&nbsp;[avec des articles de Emile Strauss]<br>\nHenri Bordillon&nbsp;: \u00ab&nbsp;Saint-Pol Roux et Jarry&nbsp;\u00bb<br>\nPatrick Besnier&nbsp;: \u00ab&nbsp;P\u00e9ladan et Barbey d\u2019Aurevilly&nbsp;\u00bb, suiteJean-Pierre Bonnerot&nbsp;: \u00ab&nbsp;Le Chald\u00e9en superbe et le mendiant ingrat&nbsp;\u00bb&nbsp;(une lettre in\u00e9dite de L\u00e9on Bloy \u00e0 P\u00e9ladan)<\/p>\n\n\n\n<h3 class=\"wp-block-heading\"><a href=\"http:\/\/alfredjarry.fr\/amisjarry\/fichiers_ea\/etoile_absinthe_019_20.pdf\" target=\"_blank\" rel=\"noreferrer noopener\">19\/20&nbsp;: Schwob&nbsp;; Claudel&nbsp;; <em>L\u2019Amour absolu<\/em><\/a><\/h3>\n\n\n\n<p>Brunella Eruli&nbsp;: \u00ab&nbsp;Schwob et Jarry&nbsp;\u00bb<br>\nKonrad Czynski : \u00ab&nbsp;Claudel et Jarry : points de l\u2019\u00e9ternit\u00e9&nbsp;\u00bb<br>\nHan Severins&nbsp;: \u00ab&nbsp;Un rendez-vous manqu\u00e9, une rencontre heureuse&nbsp;\u00bb (Les Lettres n\u00e9erlandaises et Alfred Jarry)<br>\nHenri B\u00e9har&nbsp;: \u00ab&nbsp;Jarry, l\u2019Almanach et le fleuve Oral&nbsp;\u00bb<br>\nRiewert Ehrich&nbsp;: \u00ab&nbsp;Emmanuel Dieu \u2013 un autre \u0152dipe\u2026&nbsp;\u00bb (consid\u00e9rations sur le complexe et la peur de l\u2019inceste dans <em>L\u2019Amour absolu<\/em>)<\/p>\n\n\n\n<h3 class=\"wp-block-heading\">21\/22&nbsp;: Catalogue de l\u2019exposition Jarry de Z\u00fcrich, 1984<\/h3>\n\n\n\n<p>Constitu\u00e9 par le catalogue de l\u2019Exposition Jarry \u2013 Kunsthaus Z\u00fcrich<br>\nHarald Szeeman&nbsp;: \u00ab&nbsp;Alfred Jarry et les Nabis \u00bb<\/p>\n\n\n\n<h3 class=\"wp-block-heading\"><a href=\"http:\/\/alfredjarry.fr\/amisjarry\/fichiers_ea\/etoile_absinthe_023_24reduit.pdf\" target=\"_blank\" rel=\"noreferrer noopener\">23\/24&nbsp;: Pr\u00e9paration du colloque ; sources&nbsp;: Rabelais, Rosny, Wells<\/a><\/h3>\n\n\n\n<p>\u00ab&nbsp;Jarry et Cie&nbsp;\u00bb&nbsp;: Colloque international \u2013 TNP 12-13 mai 1985<br>\nR\u00e9sum\u00e9 des communications et anthologie<\/p>\n\n\n\n<h3 class=\"wp-block-heading\"><a href=\"http:\/\/alfredjarry.fr\/amisjarry\/fichiers_ea\/etoile_absinthe_025_28reduit.pdf\" target=\"_blank\" rel=\"noreferrer noopener\">25\/28&nbsp;: <em>Jarry et Cie<\/em>, Colloque international 1985<\/a><\/h3>\n\n\n\n<p>\u00ab&nbsp;Jarry et Cie&nbsp;\u00bb&nbsp;: Communications du Colloque.<br>\nKeith Beaumont&nbsp;: \u00ab&nbsp;Jarry et le catholicisme&nbsp;\u00bb<br>\nHelga Finter&nbsp;: \u00ab&nbsp;Ubu h\u00e9t\u00e9rologue&nbsp;\u00bb<br>\nG\u00e9rald Antoine&nbsp;: \u00ab&nbsp;1986&nbsp;: Co-naissance de deux souverains obscurs&nbsp;\u00bb<br>\nHuguette Laurenti&nbsp;: \u00ab&nbsp;Valery et Jarry ou Les Mal\u00e9dictions d\u2019Univers\u2026&nbsp;\u00bb<br>\nLanie Goodman&nbsp;: \u00ab&nbsp;M\u00e9moires d\u2019un Patamn\u00e9sique&nbsp;\u00bb<br>\nMichel Arriv\u00e9&nbsp;: \u00ab&nbsp;Lacan lecteur de Jarry, Jarry lecteur de Lacan&nbsp;\u00bb<br>\nPatrick Besnier&nbsp;: \u00ab&nbsp;L\u2019ascension du vide&nbsp;\u00bb<br>\nFran\u00e7ois Naudin&nbsp;: \u00ab&nbsp;Albert Einstein, de la compagnie de Jarry&nbsp;\u00bb<br>\nLinda Stillman&nbsp;: \u00ab&nbsp;Le Vivant et l\u2019artificiel&nbsp;\u00bb<br>\nPascaline Mourier-Casile&nbsp;: \u00ab&nbsp;Amorphes et polymorphes&nbsp;: Jarry modern\u2019 style&nbsp;?&nbsp;\u00bb<\/p>\n\n\n\n<h3 class=\"wp-block-heading\"><a href=\"http:\/\/alfredjarry.fr\/amisjarry\/fichiers_ea\/etoile_absinthe_029_30reduit.pdf\" target=\"_blank\" rel=\"noreferrer noopener\">29\/30&nbsp;: 18 lettres de Franc-Nohain \u00e0 Claude Terrasse<\/a><\/h3>\n\n\n\n<p>Lettres de Franc-Nohain \u00e0 Claude Terrasse<\/p>\n\n\n\n<h3 class=\"wp-block-heading\"><a href=\"http:\/\/alfredjarry.fr\/amisjarry\/fichiers_ea\/etoile_absinthe_031_32reduit.pdf\" target=\"_blank\" rel=\"noreferrer noopener\">31\/32&nbsp;: Catulle Mend\u00e8s&nbsp;; Laurent Tailhade&nbsp;; Rictus, 1986<\/a><\/h3>\n\n\n\n<p>&#8211; Alain Mercier,\u00ab&nbsp;Catulle Mend\u00e8s et Alfred Jarry&nbsp;\u00bb<br>\n<strong>&#8211; <\/strong>Gilles Picq, \u00ab&nbsp;Laurent Tailhade et Alfred Jarry&nbsp;\u00bb<br>\n<strong>&#8211; <\/strong>Jean-Paul Goujon, \u00ab&nbsp;Jarry et Rictus : documents nouveaux&nbsp;\u00bb<br>\n&#8211; Fr\u00e9d\u00e9ric Chambe, \u00ab&nbsp;Jarry, Haeckel, Mon\u00e8re, Bathybius&nbsp;\u00bb<br>\n&#8211; Michel D\u00e9caudin, J.-P. Goujon, Guy Dobson<strong>,<\/strong> \u00ab&nbsp;Notules&nbsp;\u00bb<br>\n&#8211; Michel D\u00e9caudin, Daniel Delbreil, Guy Dobson, Fran\u00e7ois Caradec, Henri B\u00e9har, \u00ab&nbsp;Actualit\u00e9s&nbsp;\u00bb<\/p>\n\n\n\n<h3 class=\"wp-block-heading\">Tables (n\u00b0 1-31\/32)<\/h3>\n\n\n\n<h3 class=\"wp-block-heading\"><a href=\"http:\/\/alfredjarry.fr\/amisjarry\/fichiers_ea\/etoile_absinthe_033_34reduit.pdf\" target=\"_blank\" rel=\"noreferrer noopener\">33\/34&nbsp;: Jarry et Georges Darien, 1987<\/a><\/h3>\n\n\n\n<p>&#8211; Patrick Besnier, \u00ab&nbsp;Alfred Jarry et Darien&nbsp;\u00bb<br>\n&#8211; Fran\u00e7ois Caradec, \u00ab&nbsp;Allais, Darien et quelques autres&nbsp;\u00bb<br>\n&#8211; Une lettre in\u00e9dite de Georges Darien<br>\n&#8211; Patrick Fr\u00e9chet, \u00ab&nbsp;L&rsquo;<em>Endehors<\/em> et l&rsquo;<em>Escarmouche&nbsp;\u00bb<\/em><br>\n&#8211; Patrick Besnier, \u00ab&nbsp;\u00c9crits de Darien&nbsp;\u00bb<\/p>\n\n\n\n<h3 class=\"wp-block-heading\"><a href=\"http:\/\/alfredjarry.fr\/amisjarry\/fichiers_ea\/etoile_absinthe_035_36reduit.pdf\" target=\"_blank\" rel=\"noreferrer noopener\">35\/36&nbsp;: Jarry et l\u2019H\u00e9raldique, 1987<\/a><\/h3>\n\n\n\n<p>&#8211; Un pneu de Jarry<br>\n&#8211; Fr\u00e9d\u00e9ric Chambe, \u00ab&nbsp;Sur Jarry et l&rsquo;H\u00e9raldique&nbsp;\u00bb<br>\n&#8211; Guy Bodson, \u00ab&nbsp;Sur les bois qui ne sont pas de Jarry&nbsp;\u00bb<br>\n&#8211; Fr\u00e9d\u00e9ric Chambe, \u00ab&nbsp;La lettre (sic) seule est litt\u00e9rature&nbsp;\u00bb<br>\n&#8211; Fran\u00e7ois Caradec, \u00ab&nbsp;Alfred Jarry et Rabelais (suite)&nbsp;\u00bb<br>\n&#8211; Notes et comptes rendus<br>\n&#8211; Riewert Ehrich, \u00ab&nbsp;Jarry en Allemand (bibliographie mise \u00e0 jour)&nbsp;\u00bb<\/p>\n\n\n\n<h3 class=\"wp-block-heading\">37\/38&nbsp;: Catalogue <em>Filiger<\/em><\/h3>\n\n\n\n<p>Hommage \u00e0 Filiger + suppl\u00e9ment au catalogue<\/p>\n\n\n\n<h3 class=\"wp-block-heading\"><a href=\"http:\/\/alfredjarry.fr\/amisjarry\/fichiers_ea\/etoile_absinthe_039_40reduit.pdf\" target=\"_blank\" rel=\"noreferrer noopener\">39\/40&nbsp;: Jarry et <em>L\u2019Art litt\u00e9raire<\/em><\/a><\/h3>\n\n\n\n<p>&#8211; Jarry \u00e0 l\u2019Art litt\u00e9raire<br>\nLes deux critiques th\u00e9\u00e2trales de Jarry \u00e0 <em>l\u2019Art litt\u00e9raire<\/em><br>\n&#8211; Louis Lormel<br>\n<em>Entre soi<\/em>, par Louis Lormel<br>\n<em>Alfred Jarry, souvenirs<\/em>, par Louis Lormel<br>\nMichel D\u00e9caudin&nbsp;: Apollinaire \u00e0 <em>l\u2019Art litt\u00e9raire<\/em><br>\nFran\u00e7ois Caradec&nbsp;: \u00ab&nbsp;Sur Bardes et Cordes&nbsp;\u00bb<br>\nJos Pennec&nbsp;: \u00ab&nbsp;Les Tribulations du Priou&nbsp;\u00bb<br>\nNotes par Henri B\u00e9har et Jean-Paul Goujon<\/p>\n\n\n\n<h3 class=\"wp-block-heading\">41\/42&nbsp;: Catalogue <em>Ubu 100ans de r\u00e8gne<\/em>, exposition de la SEITA<\/h3>\n\n\n\n<p>\u00ab&nbsp;Ubu, cent ans de r\u00e8gne&nbsp;\u00bb&nbsp;: Catalogue de l\u2019exposition<\/p>\n\n\n\n<h3 class=\"wp-block-heading\"><a href=\"http:\/\/alfredjarry.fr\/amisjarry\/fichiers_ea\/etoile_absinthe_043_45reduit.pdf\" target=\"_blank\" rel=\"noreferrer noopener\">43\/45&nbsp;: Jarry et L\u00e9on-Paul Fargue, 1989<\/a><\/h3>\n\n\n\n<p>Documents in\u00e9dits pr\u00e9sent\u00e9s et annot\u00e9s par Jean-Paul Goujon<\/p>\n\n\n\n<h3 class=\"wp-block-heading\"><a href=\"http:\/\/alfredjarry.fr\/amisjarry\/fichiers_ea\/etoile_absinthe_046reduit.pdf\" target=\"_blank\" rel=\"noreferrer noopener\">46&nbsp;: Jarry et l\u2019Angleterre&nbsp;: bibliographie<\/a><\/h3>\n\n\n\n<p>Jarry et l\u2019Angleterre, bibliographie \u00e9tablie par Alastair Brotchie<br>\nAlain Mercier&nbsp;: \u00ab&nbsp;Notes et documents&nbsp;: A propos de la \u00ab&nbsp;vieille dame&nbsp;\u00bb et de Jean de Tinan&nbsp;\u00bb<br>\nFran\u00e7ois Caradec&nbsp;: \u00ab&nbsp;Chanson \u00e0 boire&nbsp;\u00bb<br>\nFran\u00e7ois Caradec&nbsp;: \u00ab&nbsp;L\u00e9on Bloy et les Palotins&nbsp;\u00bb<br>\nUn exemple de la presse&nbsp;: \u00ab&nbsp;P\u00e8re d\u2019<em>Ubu Roi<\/em>, pape de la pataphysique&nbsp;: la Pl\u00e9iade publie le troisi\u00e8me tome de son \u0153uvre&nbsp;\u00bb<\/p>\n\n\n\n<h3 class=\"wp-block-heading\"><a href=\"http:\/\/alfredjarry.fr\/amisjarry\/fichiers_ea\/etoile_absinthe_047_48reduit.pdf\" target=\"_blank\" rel=\"noreferrer noopener\">47\/48&nbsp;: <em>C\u00e9sar-Ant\u00e9christ<\/em>, 1990<\/a><\/h3>\n\n\n\n<p>&#8211; Guy Bodson, \u00ab&nbsp;Pour en finir avec C\u00e9sar-Ant\u00e9christ&nbsp;\u00bb<br>\n&#8211; \u00ab&nbsp;Par le petit bout de la lorgnette&nbsp;\u00bb<br>\n&#8211; Riewert Ehrich, \u00ab&nbsp;Jarry en Allemand (bibliographie mise \u00e0 jour)&nbsp;\u00bb<br>\n&#8211; Errata du n\u00b0 46<\/p>\n\n\n\n<h3 class=\"wp-block-heading\"><a href=\"http:\/\/alfredjarry.fr\/amisjarry\/fichiers_ea\/etoile_absinthe_049_50reduit.pdf\" target=\"_blank\" rel=\"noreferrer noopener\">49\/50&nbsp;: Jarry et Octave Mirbeau<\/a><\/h3>\n\n\n\n<p>Pierre Michel&nbsp;: \u00ab&nbsp;Octave Mirbeau et Alfred Jarry&nbsp;ou l\u2019amiti\u00e9 sans pareille d\u2019un \u00ab&nbsp;Don Juan de l\u2019id\u00e9al&nbsp;\u00bb et d\u2019un pataphysicien crott\u00e9&nbsp;\u00bb<br>\nLettres d\u2019Octave Mirbeau \u00e0 Alfred Jarry<br>\nJean-Luc Planchais&nbsp;: Octave Mirbeau, biographie<br>\nRiewert Ehrich&nbsp;: \u00ab&nbsp;Docteur Faustroll et Diogenes Teufelsdroeckh&nbsp;\u00bb<br>\nRiewert Ehrich&nbsp;: La \u00ab&nbsp;partie subconsciente et cr\u00e9atrice&nbsp;\u00bb chez Jarry et Chabaneix<\/p>\n\n\n\n<h3 class=\"wp-block-heading\"><a href=\"http:\/\/alfredjarry.fr\/amisjarry\/fichiers_ea\/etoile_absinthe_051_52reduit.pdf\" target=\"_blank\" rel=\"noreferrer noopener\">51\/52&nbsp;: T\u00e9moignages sur Jarry<\/a><\/h3>\n\n\n\n<p>T\u00e9moignage sur Jarry<br>\nAntoine Cyvoet&nbsp;: Jarry et Jean Rictus, documents nouveaux<\/p>\n\n\n\n<h3 class=\"wp-block-heading\"><a href=\"http:\/\/alfredjarry.fr\/amisjarry\/fichiers_ea\/etoile_absinthe_053_54reduit.pdf\" target=\"_blank\" rel=\"noreferrer noopener\">53\/54&nbsp;: <em>Jarry \u00e0 la radio<\/em>, 1993<\/a><\/h3>\n\n\n\n<p>Citations d&rsquo;Alfred Jarry sur les ondes du Service Public de la Radiodiffusion en France compil\u00e9es par Claude Ernoult (r\u00e9pertoire recensant les \u00e9missions consacr\u00e9es \u00e0 Alfred Jarry, ainsi que de celles o\u00f9 il est fait mention de notre auteur).<\/p>\n\n\n\n<h3 class=\"wp-block-heading\">55\/58&nbsp;: <em>L\u2019Ymagier<\/em> 5, 1993<\/h3>\n\n\n\n<p>Guy Bodson&nbsp;: \u00ab&nbsp;Description d\u2019une r\u00e9duction perp\u00e9tuelle&nbsp;\u00bb<br>\nReprint de l\u2019<em>Ymagier<\/em> n\u00b0 V<br>\n\u00ab&nbsp;Au lecteur de Saint-Nicolas&nbsp;\u00bb<\/p>\n\n\n\n<h3 class=\"wp-block-heading\"><a href=\"http:\/\/alfredjarry.fr\/amisjarry\/fichiers_ea\/etoile_absinthe_059_60reduit.pdf\" target=\"_blank\" rel=\"noreferrer noopener\">59\/60&nbsp;: Jarry et la musique<\/a><\/h3>\n\n\n\n<p>&#8211; Une lettre in\u00e9dite d&rsquo;Alfred Jarry \u00e0 Maurice Delcourt pr\u00e9sent\u00e9e et annot\u00e9e par Jean-Paul Goujon<br>\n&#8211; Robert Caby, \u00ab&nbsp;Jarry et la musique ou plut\u00f4t : la musique et Jarry&nbsp;\u00bb<br>\n&#8211; Bruno Gillet, \u00ab&nbsp;Le Surm\u00e2le, op\u00e9rette moderne ?&nbsp;\u00bb<br>\n&#8211; G\u00e9roy, \u00ab&nbsp;Mon ami Alfred Jarry&nbsp;\u00bb<br>\n&#8211; Bibliographie, th\u00e9\u00e2tre, audiovisuel<\/p>\n\n\n\n<h3 class=\"wp-block-heading\"><a href=\"http:\/\/alfredjarry.fr\/amisjarry\/fichiers_ea\/etoile_absinthe_061_62reduit.pdf\" target=\"_blank\" rel=\"noreferrer noopener\">61\/62&nbsp;: <em>Messaline<\/em>, 1994<\/a><\/h3>\n\n\n\n<p>&#8211; Riewert Ehrich, \u00ab&nbsp;Messaline d&rsquo;Alfred Jarry, tentative de \u00ab\u00a0best-seller\u00a0\u00bb ou livre herm\u00e9tique ?&nbsp;\u00bb<br>\n&#8211; R\u00e9ception critique de Messaline en 1901 :<br>\n&#8211; Rachilde, Mercure de France<br>\n&#8211; Gustave Kahn, La Plume<br>\n&#8211; Michel Arnauld, La Revue Blanche.<br>\n&#8211; \u00ab&nbsp;Messaline : soixante-dix-huiti\u00e8me livre publi\u00e9 par les Editions de La Revue Blanche, \u00e9l\u00e9ments bibliographiques&nbsp;\u00bb<br>\n&#8211; Manuscrits, lettres et d\u00e9dicaces pass\u00e9s en vente, derni\u00e8res parutions.<\/p>\n\n\n\n<h3 class=\"wp-block-heading\"><a href=\"http:\/\/alfredjarry.fr\/amisjarry\/fichiers_ea\/etoile_absinthe_063_64reduit.pdf\" target=\"_blank\" rel=\"noreferrer noopener\">63\/64&nbsp;: Silvestre&nbsp;; <em>La Dragonne<\/em>&nbsp;; Guitry ; Charles Albert&nbsp;; Mac Orlan<\/a><\/h3>\n\n\n\n<p>Une lettre in\u00e9dite d\u2019Alfred Jarry \u00e0 Armand Sylvestre, pr\u00e9sent\u00e9e par Jean-Paul Goujon<br>\nJean-Paul Goujon&nbsp;: \u00ab&nbsp;A propos de l\u2019<em>Histoire de La Dragonne<\/em>&nbsp;\u00bb<br>\nSacha Guitry&nbsp;: \u00ab&nbsp;Alfred Jarry&nbsp;\u00bb<br>\nCharles-Albert Cingria&nbsp;: \u00ab&nbsp;<em>Ubu cocu<\/em> \u00bb<br>\nPierre MacOrlan&nbsp;: \u00ab&nbsp;Alfred Jarry&nbsp;\u00bb<br>\nManuscrits, lettres et d\u00e9dicaces pass\u00e9s en vente<\/p>\n\n\n\n<h3 class=\"wp-block-heading\"><a href=\"http:\/\/alfredjarry.fr\/amisjarry\/fichiers_ea\/etoile_absinthe_065_66reduit.pdf\" target=\"_blank\" rel=\"noreferrer noopener\">65\/66&nbsp;: Jarry est-il un po\u00e8te chr\u00e9tien&nbsp;?<\/a><\/h3>\n\n\n\n<p>Une enqu\u00eate de Benjamin P\u00e9ret&nbsp;: \u00ab&nbsp;Jarry est-il un po\u00e8te chr\u00e9tien&nbsp;?&nbsp;\u00bb<br>\nAndr\u00e9 Breton&nbsp;: \u00ab&nbsp;Jarry initiateur et \u00e9claireur&nbsp;: son r\u00f4le dans les arts plastiques&nbsp;\u00bb<br>\nManuscrits, lettres et d\u00e9dicaces pass\u00e9s en vente<\/p>\n\n\n\n<h3 class=\"wp-block-heading\"><a href=\"http:\/\/alfredjarry.fr\/amisjarry\/fichiers_ea\/etoile_absinthe_067_68reduit.pdf\" target=\"_blank\" rel=\"noreferrer noopener\">67\/68&nbsp;: 1er Novembre 1907<\/a><\/h3>\n\n\n\n<h3 class=\"wp-block-heading\"><a href=\"http:\/\/alfredjarry.fr\/amisjarry\/fichiers_ea\/etoile_absinthe_069_70reduit.pdf\" target=\"_blank\" rel=\"noreferrer noopener\">69\/70&nbsp;: F.-F. H\u00e9bert au lyc\u00e9e de Moulins, 1996<\/a><\/h3>\n\n\n\n<p>&#8211; Vincent Besson, \u00ab&nbsp;F\u00e9lix-Fr\u00e9d\u00e9ric H\u00e9bert au lyc\u00e9e de Moulins&nbsp;\u00bb<br>\n&#8211; \u00ab&nbsp;Sp\u00e9culations : Le bel Octave&nbsp;\u00bb<br>\n&#8211; Jarry lecteur de Zola&#8230; ou de Macrobe ? Priou l&rsquo;origine de la machine \u00e0 d\u00e9cerveler ?<br>\n&#8211; Manuscrits, Lettres et d\u00e9dicaces pass\u00e9s en vente<br>\n&#8211; Derni\u00e8res parutions<br>\n&#8211; Br\u00e8ves<\/p>\n\n\n\n<h3 class=\"wp-block-heading\"><a href=\"http:\/\/alfredjarry.fr\/amisjarry\/fichiers_ea\/etoile_absinthe_071_72reduit.pdf\" target=\"_blank\" rel=\"noreferrer noopener\">71\/72&nbsp;: Sengle photographe, 1996<\/a><\/h3>\n\n\n\n<p>&#8211; \u00ab&nbsp;Sp\u00e9culations : Sengle photographe&nbsp;\u00bb<br>\n&#8211; Derni\u00e8res parutions : <em>Le Volume de la voix<\/em> de Jean-Louis Cornille<br>\n&#8211; <em>Le Gentilhomme de 1847<\/em> d&rsquo;Alfred Jarry<br>\n&#8211; Manuscrits, Lettres et d\u00e9dicaces pass\u00e9s en vente<br>\n&#8211; Derni\u00e8res parutions<br>\n&#8211; Br\u00e8ves : Programme du colloque Jarry 1996, ACTEA et Ubu toujours<\/p>\n\n\n\n<h3 class=\"wp-block-heading\"><a href=\"http:\/\/alfredjarry.fr\/amisjarry\/fichiers_ea\/etoile_absinthe_073_74reduit.pdf\" target=\"_blank\" rel=\"noreferrer noopener\">73\/74&nbsp;: Jarry et l\u2019Angleterre&nbsp;: bibliographie&nbsp;; Grand-Lemps&nbsp;; Ubu picaro, 1997<\/a><\/h3>\n\n\n\n<p>&#8211; Alastair Brodchie, \u00ab&nbsp;Alfred Jarry et l&rsquo;Angleterre, bibliographie&nbsp;\u00bb<br>\n&#8211; Pierre Bourdat, \u00ab&nbsp;Lettres du Dauphin\u00e9 : une visite du Grand-Lemps \u00e0 la suite de Jarry&nbsp;\u00bb<br>\n&#8211; Franc-Nohain, \u00ab&nbsp;Pantagruel au Caf\u00e9 Brosse&nbsp;\u00bb<br>\n&#8211; \u00ab&nbsp;Sp\u00e9culations : Ubu picaro&nbsp;\u00bb<br>\n&#8211; Manuscrits, lettres et d\u00e9dicaces pass\u00e9s en vente<br>\n&#8211; Derni\u00e8res parutions<\/p>\n\n\n\n<h3 class=\"wp-block-heading\"><a href=\"http:\/\/alfredjarry.fr\/amisjarry\/fichiers_ea\/etoile_absinthe_075_76reduit.pdf\" target=\"_blank\" rel=\"noreferrer noopener\">75\/76&nbsp;: <em>Histoire secrette<\/em>\u2026 Apollinaire et Jarry ; Le pal , 1997<\/a><\/h3>\n\n\n\n<p>&#8211; Michel D\u00e9caudin, \u00ab&nbsp;Autour d&rsquo;un livre pr\u00eat\u00e9. Apollinaire et Jarry&nbsp;\u00bb<br>\n&#8211; Bouquet autour du Pal :<br>\n&#8211; \u00ab&nbsp;Le Pal&nbsp;\u00bb de Paul Verlaine<br>\n&#8211; \u00ab&nbsp;Le Pal&nbsp;\u00bb de L\u00e9on Bloy<br>\n&#8211; \u00ab&nbsp;Note sur Edouard II&nbsp;\u00bb de Christopher Marlowe<br>\n&#8211; \u00ab&nbsp;Couplets du Pal&nbsp;\u00bb d&rsquo;Emmanuel Chabrier<br>\n&#8211; Claude Terasse et Franc-Nohain, \u00ab&nbsp;Au Temps de Croisades&nbsp;\u00bb<br>\n&#8211; Br\u00e8ves : Parutions, T\u00e9moignages, Citation, A para\u00eetre, Manuscrits pass\u00e9s en vente, Sp\u00e9culations<br>\n&#8211; Table des mati\u00e8res des Actes du colloque<\/p>\n\n\n\n<h3 class=\"wp-block-heading\"><a href=\"http:\/\/alfredjarry.fr\/amisjarry\/fichiers_ea\/etoile_absinthe_077_78reduit.pdf\" target=\"_blank\" rel=\"noreferrer noopener\">77\/78&nbsp;: <em>Ubu centenaire<\/em>&nbsp;: actes du colloque Jarry 1996<\/a><\/h3>\n\n\n\n<p>Centenaire d\u2019<em>Ubu<\/em> <em>Roi &#8211; <\/em>Communications du Colloque International r\u00e9unies par Paul Edwards<br>\nPr\u00e9face par Michel D\u00e9caudin<br>\nPatrick Besnier&nbsp;: \u00ab&nbsp;\u00ab\u00a0S\u2019il me pla\u00eet\u00a0\u00bb&nbsp;: Sur deux critiques th\u00e9\u00e2trales de Jarry \u00e0 <em>l\u2019Art litt\u00e9raire<\/em>&nbsp;\u00bb<br>\nJill Fell&nbsp;: \u00ab&nbsp;La roue de Sainte Catherine&nbsp;: Jarry, Breton et la m\u00e9thode parano\u00efaque-critique&nbsp;\u00bb<br>\nSt\u00e9phane Ugarte et Daniel Grojnowski&nbsp;: <em>La Chandelle verte<\/em>&nbsp;:<\/p>\n\n\n\n<ol class=\"wp-block-list\">\n<li><span dir=\"LTR\">Logique de la chronique<\/span><\/li>\n\n\n\n<li><span dir=\"LTR\">Les lumi\u00e8res du d\u00e9lire<\/span><\/li>\n<\/ol>\n\n\n\n<p>Spectacle de l\u2019OuTraPo<br>\nTable ronde sur les mises en sc\u00e8ne d\u2019Ubu&nbsp;:<br>\navec Gu\u00e9nol\u00e9 Azerthiope, Richard Demarcy, Paul Edwards et Guilhem Pellegrin<br>\nJ.-L. Cornille&nbsp;: \u00ab&nbsp;Le Secret de Polichinelle&nbsp;\u00bb<br>\nPaul Edwards&nbsp;: \u00ab&nbsp;Traduire Ubu Roi&nbsp;: Ubu Falstaff et la machine \u00e0 traduire&nbsp;\u00bb<br>\nRiewert Ehrich&nbsp;: \u00ab&nbsp;Les Ubus de Miro&nbsp;\u00bb<br>\nHelga Finter&nbsp;: \u00ab&nbsp;Rire d\u2019Ubu&nbsp;: Sur la descendance d\u2019Ubu comme type comique&nbsp;\u00bb<br>\nPhilippe Cath\u00e9&nbsp;: \u00ab&nbsp;Le Th\u00e9\u00e2tre des Pantins&nbsp;: D\u2019un avatar d\u2019<em>Ubu Roi <\/em>aux prol\u00e9gom\u00e8nes de <em>Pantagruel<\/em>&nbsp;\u00bb<br>\nBrunella Eruli&nbsp;: \u00ab&nbsp;Ubu et les anges&nbsp;\u00bb<br>\nLinda Stillman&nbsp;: \u00ab&nbsp;Ubu a cent ans, Jarry est de la revue&nbsp;\u00bb<\/p>\n\n\n\n<h3 class=\"wp-block-heading\"><a href=\"http:\/\/alfredjarry.fr\/amisjarry\/fichiers_ea\/etoile_absinthe_079_80reduit.pdf\" target=\"_blank\" rel=\"noreferrer noopener\">79\/80&nbsp;: Siebauer&nbsp;; <em>Peer Gynt<\/em>&nbsp;; M\u00fcnster&nbsp;; Sainmont&nbsp;; notes h\u00e9raldiques, 1998<\/a><\/h3>\n\n\n\n<p>&#8211; Jean-Roch Siebauer, \u00ab&nbsp;De quelques digressions autour de \u00ab\u00a0, de =, de +, et de \/&nbsp;\u00bb<br>\n&#8211; Jill Fell, \u00ab&nbsp;Les remaniements de Jarry au texte de Peer Gynt&nbsp;\u00bb<br>\n&#8211; Jill Fell, \u00ab&nbsp;De la Cosmographie Universelle par S\u00e9bastien M\u00fcnster : un \u00e9clairage sur le contenu th\u00e9matique de Jarry ?&nbsp;\u00bb<br>\n&#8211; J.-P. Goujon, \u00ab&nbsp;Deux notes sur les Actes du Colloque &rsquo;96&nbsp;\u00bb<br>\n&#8211; \u00ab&nbsp;Une plus grande Sainte D\u00e9capit\u00e9e&nbsp;\u00bb<br>\n&#8211; Erratum des Actes du Colloque &rsquo;96<br>\n&#8211; \u00ab&nbsp;Sainmont et les d\u00e9buts des revues &lsquo;pataphysiques&nbsp;\u00bb, Documents rassembl\u00e9s par Guy Bodson<br>\n&#8211; Guy Bodson, \u00ab&nbsp;Notes h\u00e9raldiques (\u00ab\u00a0T.O.Y.\u00a0\u00bb &amp; \u00ab\u00a0Loubing de loub\u00a0\u00bb)&nbsp;\u00bb<br>\n&#8211; Suppl\u00e9ment \u00e0 J.F.M.<br>\n&#8211; Correspondance avec Guy Debord<br>\n&#8211; Br\u00e8ves : Lettres de P\u00e9ladan \u00e0 Claretie<br>\n&#8211; In\u00e9dits. Premier jet de L&rsquo;Objet aim\u00e9, Envois \/ Gide et Jarry \/ Bonjour Monsieur Jarry<br>\n&#8211; Parutions : Arnaud \/ Jarry et l&rsquo;Angleterre \/ Fargue \/ Pompe \u00e0 Merdre \/ Mallarm\u00e9 \/ Ubu sur la Butte \/ Canotage, Spectacles : L\u00e9da<br>\n&#8211; Expositions : Jarry Ymagier, Haymard, Gatzke<br>\n&#8211; Sp\u00e9culations : Borg\u00e8s et T.S. Eliot, Calcul de la surface de Dieu \/ Alfred Jarry de Dorset \/<br>\n&#8211; Ubuscules<\/p>\n\n\n\n<h3 class=\"wp-block-heading\">81\/82&nbsp;: <em><a href=\"http:\/\/alfredjarry.fr\/amisjarry\/documents\/Ymagier-1ebookpdf.pdf\" target=\"_blank\" rel=\"noreferrer noopener\">L\u2019Ymagier <\/a><\/em><a href=\"http:\/\/alfredjarry.fr\/amisjarry\/documents\/Ymagier-1ebookpdf.pdf\">1<\/a> (fichier au format pdf)<\/h3>\n\n\n\n<h3 class=\"wp-block-heading\"><a href=\"http:\/\/alfredjarry.fr\/amisjarry\/fichiers_ea\/etoile_absinthe_083_84reduit.pdf\" target=\"_blank\" rel=\"noreferrer noopener\">83\/84&nbsp;: Cahier iconographique 1<\/a><\/h3>\n\n\n\n<p>Les Cahiers iconographiques de la Soci\u00e9t\u00e9 des amis d\u2019Alfred Jarry<br>\n&#8211; Concordance&nbsp;:<br>\nFaune et flore des <em>Minutes de sable m\u00e9morial<\/em> et quelques textes annexes<br>\nJean-Roch Siebauer&nbsp;: \u00ab&nbsp;Le Cardinal et le Docteur&nbsp;\u00bb<br>\nPaul Edwards&nbsp;: \u00ab&nbsp;H. G. Wells, Jarry et l\u2019atome bouffon&nbsp;\u00bb<br>\nRiewert Ehrich: \u00ab&nbsp;Jarry et la Pataphysique en Germanie&nbsp;\u00bb<br>\nPaul Edwards&nbsp;: \u00ab&nbsp;Paul Valery et Etienne-Jules Marey: de l\u2019instantan\u00e9 \u00e0 la dur\u00e9e&nbsp;\u00bb<br>\nJill Fell&nbsp;: \u00ab&nbsp;Jarry, Marey, les mares et l\u2019amour&nbsp;\u00bb<br>\nJill Fell&nbsp;: \u00ab&nbsp;Ubu&nbsp;: marionnette \u00e0 fil \/ Ubu&nbsp;: marionnette \u00e0 gaine&nbsp;\u00bb<br>\n&#8211; Reprints&nbsp;:<br>\nPaul Edwards&nbsp;: \u00ab&nbsp;De la typographie au monstre par animisme&nbsp;\u00bb<br>\nR\u00e9my de Gourmont&nbsp;: <em>Le Ch\u00e2teau<\/em>, <em>Phocas<\/em><br>\nRuteb\u0153uf, R\u00e9my de Gourmont (\u00e9d.)&nbsp;: <em>Le Miracle de Th\u00e9ophile<br>\n<\/em>Cr\u00e9ations, Br\u00e8ves<\/p>\n\n\n\n<h3 class=\"wp-block-heading\"><a href=\"http:\/\/alfredjarry.fr\/amisjarry\/fichiers_ea\/etoile_absinthe_085reduit.pdf\" target=\"_blank\" rel=\"noreferrer noopener\">85&nbsp;: Alfred Jarry collagiste<\/a><\/h3>\n\n\n\n<p>Les Cahiers iconographiques de la Soci\u00e9t\u00e9 des amis d\u2019Alfred Jarry<br>\nJarry collagiste \u00e0 l\u2019\u0153uvre<\/p>\n\n\n\n<h3 class=\"wp-block-heading\">86\/87&nbsp;: <em>L\u2019Ymagier<\/em> 3<\/h3>\n\n\n\n<h3 class=\"wp-block-heading\"><a href=\"http:\/\/alfredjarry.fr\/amisjarry\/fichiers_ea\/etoile_absinthe_088reduit.pdf\" target=\"_blank\" rel=\"noreferrer noopener\">88&nbsp;: Cahier iconographique 2&nbsp;: Paphnutius&nbsp;; J. de Flore&nbsp;; Nisard&nbsp;; \u2026<\/a><\/h3>\n\n\n\n<p>Les Cahiers iconographiques de la Soci\u00e9t\u00e9 des amis d\u2019Alfred Jarry<br>\n-Concordance&nbsp;:<br>\nFaune et flore de <em>L\u2019Amour absolu<\/em><br>\n&#8211; Articles et reprints<br>\nIsabelle Krzywkowski&nbsp;: \u00ab&nbsp;De Faustroll et de l\u2019investigation des espaces&nbsp;\u00bb<br>\nJean-Paul Morel&nbsp;: \u00ab&nbsp;De quelques sources ou prolongements inattendus du P\u00e8re Ubu colonial&nbsp;\u00bb<br>\nPaul Edwards&nbsp;: \u00ab&nbsp;<em>Paph<\/em> est une pi\u00e8ce s\u00e9rieuse&nbsp;\u00bb<br>\nHrobsvitha&nbsp;: <em>Paphnutius<\/em>, trad. A. F. Herold<br>\nIncunables propos\u00e9s par Stanley Chapman<br>\nImages populaires<br>\nCr\u00e9ations, Br\u00e8ves<\/p>\n\n\n\n<h3 class=\"wp-block-heading\">89\/90&nbsp;: <em>L\u2019Ymagier<\/em> 6<\/h3>\n\n\n\n<h3 class=\"wp-block-heading\"><a href=\"http:\/\/alfredjarry.fr\/amisjarry\/fichiers_ea\/etoile_absinthe_091_92reduit.pdf\" target=\"_blank\" rel=\"noreferrer noopener\">91\/92&nbsp;: Colloque 2001&nbsp;; cahier iconographique 3<\/a><\/h3>\n\n\n\n<p>Les Cahiers iconographiques de la Soci\u00e9t\u00e9 des amis d\u2019Alfred Jarry<br>\n&#8211; Communications&nbsp;:<br>\nFr\u00e9d\u00e9ric Chambre&nbsp;: \u00ab&nbsp;Tir\u00e9sias en visite chez Alfred Jarry&nbsp;: le Hibou&nbsp;\u00bb<br>\nPhilippe Cath\u00e9&nbsp;: \u00ab&nbsp;La Musique de Claude Terrasse pour <em>Ubu Roi<\/em> et <em>Les Sil\u00e8nes<\/em>&nbsp;: une esth\u00e9tique minimaliste&nbsp;\u00bb<br>\nPaul Edwards&nbsp;: \u00ab&nbsp;L\u2019Ymagier d\u2019Epinal&nbsp;\u00bb<br>\nIsabelle Krzywkowski&nbsp;: \u00ab&nbsp;De la r\u00e9\u00e9criture. Quelques remarques sur d\u00e9cadence et avant-garde dans<em>Messaline<\/em>&nbsp;\u00bb<br>\nJill Fell&nbsp;: \u00ab&nbsp;La danse de Mnester&nbsp;\u00bb<br>\nJean-Louis Cornille&nbsp;: \u00ab&nbsp;Sotie, satire et ironie (Jarry plus petit que Jarry)&nbsp;\u00bb<br>\nGuy Bodson&nbsp;: \u00ab&nbsp;Pantagruel par Louis Schneider&nbsp;\u00bb<br>\n-Notes&nbsp;:<br>\nPaul Edwards&nbsp;: \u00ab&nbsp;La danse d\u2019Ixion&nbsp;\u00bb<br>\n\u00ab&nbsp;Tanka&nbsp;\u00bb, Fagus<br>\nJean-Paul Morel&nbsp;: \u00ab&nbsp;Le Myst\u00e8re des annotations \u00e0 l\u2019Almanach 1901&nbsp;\u00bb<br>\nJean-Paul Morel&nbsp;: \u00ab&nbsp;Ubu Kub&nbsp;\u00bb<br>\nDeux portraits peu connus de Jarry<br>\nPaul Edwards&nbsp;: \u00ab&nbsp;Prologue de conclusion&nbsp;\u00bb&nbsp;: la source iconographique<br>\nReprints&nbsp;:<br>\nAlfred Jarry&nbsp;: \u00ab&nbsp;Le Camelot&nbsp;\u00bb<br>\nIncunable propose par Stanley Chapman: <em>La Bigorne<\/em>, anonyme<br>\nCr\u00e9ations, Br\u00e8ves<\/p>\n\n\n\n<h3 class=\"wp-block-heading\">93\/94&nbsp;<strong>: <\/strong><em>Perhinderion 1<\/em><\/h3>\n\n\n\n<h3 class=\"wp-block-heading\"><a href=\"http:\/\/alfredjarry.fr\/amisjarry\/fichiers_ea\/etoile_absinthe_095_96reduit.pdf\" target=\"_blank\" rel=\"noreferrer noopener\">95\/96&nbsp;: Colloque 2002&nbsp;; Beardsley&nbsp;; Kelvin&nbsp;, cahier iconographique 4<\/a><\/h3>\n\n\n\n<p>Les Cahiers iconographiques de la Soci\u00e9t\u00e9 des amis d\u2019Alfred Jarry<br>\n&#8211; Jarry \/ Beardsley<br>\nEvanghelia Stead&nbsp;: \u00ab&nbsp;Les grotesques d\u2019Aubrey Beardsley (Bons-Mots)&nbsp;\u00bb<br>\nPr\u00e9sentation, Catalogue, Sigles et Abr\u00e9viations, Grotesques<br>\nEvanghelia Stead&nbsp;: Jarry et Beardsley (\u00ab&nbsp;Du pays de dentelle&nbsp;\u00bb)<br>\n&#8211; Jarry \/ Kelvin<br>\nCommentaires pour servir \u00e0 la construction de la machine \u00e0 explorer le temps<br>\nPaul Edwards&nbsp;: \u00ab&nbsp;La construction visuelle&nbsp;\u00bb<br>\nCommentaire, Jarry \/ Conf\u00e9rences, Kelvin<br>\n&#8211; Communications et notes&nbsp;:<br>\nFr\u00e9d\u00e9ric Caby&nbsp;: \u00ab&nbsp;Jarry et la subversion par l\u2019humour&nbsp;\u00bb<br>\nMich\u00e8le Martel&nbsp;: \u00ab&nbsp;La descendance d\u2019Ubu&nbsp;\u00bb<br>\nPaul Edwards&nbsp;: \u00ab&nbsp;<em>L\u2019Amour absolu<\/em> et Pierre Janet&nbsp;\u00bb<br>\nIllustrations photographiques pour Messaline<br>\n\u00ab&nbsp;L\u2019Asiatique Hindou de Messaline et la po\u00e9sie du souffle&nbsp;\u00bb<\/p>\n\n\n\n<h3 class=\"wp-block-heading\">97\/100&nbsp;<strong>: <\/strong><em>Perhinderion2<\/em><\/h3>\n\n\n\n<h3 class=\"wp-block-heading\">101\/102&nbsp;: <em>L\u2019Ymagier<\/em> <em>4<\/em><\/h3>\n\n\n\n<h3 class=\"wp-block-heading\"><a href=\"http:\/\/alfredjarry.fr\/amisjarry\/fichiers_ea\/etoile_absinthe_103_104reduit.pdf\" target=\"_blank\" rel=\"noreferrer noopener\">103\/104&nbsp;: Colloque 2003, etc.<\/a><\/h3>\n\n\n\n<p>Laurent de Freitas: \u00ab&nbsp;L\u00e9on-Paul Fargue et Alfred Jarry, autour d&rsquo;une m\u00eame passion pour la peinture: 1892-1894&nbsp;\u00bb<br>\nDaniel Zinszner: Fulgurant m\u00e9t\u00e9ore<br>\nFr\u00e9d\u00e9ric Chambe: Alfred Jarry, de l&rsquo;h\u00e9raldique \u00e0 l&rsquo;identit\u00e9 des contraires<br>\nJean-Christophe Valtat: Le dynamom\u00e8tre, la bicyclette et la chaise \u00e9lectrique: Th\u00e9ories \u00e9nerg\u00e9tiques et psychologies de la fatigue dans <em>Le Surm\u00e2le<\/em> d&rsquo;Alfred Jarry<br>\nMichel Gazeau: Alfred Jarry, observations<br>\nGuy Bodson: La collectionnite et l&rsquo;influence jarryque chez BretonA.<br>\nCloesser (trad. Riewert Ehrich): Ubu Roi, <em>Das Magazin f\u00fcr Litteratur<\/em>, mai 1897<br>\nGilles Firmin: Du Tiers \u00e0 Merdrev: Le privil\u00e8ge d&rsquo;Ubu Roi<br>\nPaul Edwards: Un in\u00e9dit d&rsquo;Alfred Jarry<br>\nHommage \u00e0 No\u00ebl Arnaud<br>\nHommage \u00e0 Jean Martin Bontoux<br>\nTexticules<\/p>\n\n\n\n<h3 class=\"wp-block-heading\">105\/106: L&rsquo;Ymagier 7<\/h3>\n\n\n\n<h3 class=\"wp-block-heading\"><a href=\"http:\/\/alfredjarry.fr\/amisjarry\/fichiers_ea\/etoile_absinthe_107_108reduit.pdf\" target=\"_blank\" rel=\"noreferrer noopener\">107\/108: Colloque Jeunes Chercheurs 2005<\/a><\/h3>\n\n\n\n<p>Actes du colloque \u00ab jeunes chercheurs \u00bb<br>\n&#8211; Diana Beaume: Alfred jarry et le \u00ab principe de contradiction \u00bb<br>\n&#8211; Mathieu Gosztola: Les math\u00e9matiques, langue la plus abstraite et la plus absolue ?<br>\n&#8211; Julien Schuh: L\u2019oeuvre selon jarry : synth\u00e8se, lin\u00e9ament, \u00e9v\u00e9nement.<br>\n&#8211; Maria de Los Angeles Vega Vazquez: Alfred jarry et la Bretagne. Le portrait du breton \u00e9ternel<br>\n&#8211; Brian Zandberg: \u00ab R\u00e9ponse \u00e0 une enqu\u00eate \u00bb de Mallarm\u00e9 et \u00ab Linteau \u00bb de Jarry<br>\nOeuvres, par Carlos Estrella, Laurent Golon, Jacques Limousin, Paul Edwards, Guy Bodson, Diane B\u00e9n\u00e9zech et Franciszka Themerson<br>\nCr\u00e9ations (Tralala splatsch, Pata d\u00f4me)<br>\nSp\u00e9culations<br>\nJulien Schuh: Papus m\u00e9decin dans le Surm\u00e2le<br>\nDaniel Zinsner: Sp\u00e9culation<br>\nIn\u00e9dit<br>\nTexticules<\/p>\n\n\n\n<h3 class=\"wp-block-heading\">109\/110: L&rsquo;Ymagier 2<\/h3>\n\n\n\n<h3 class=\"wp-block-heading\"><a href=\"http:\/\/alfredjarry.fr\/amisjarry\/fichiers_ea\/etoile_absinthe_111_112reduit.pdf\" target=\"_blank\" rel=\"noreferrer noopener\">111\/112: Les amiti\u00e9s textuelles d&rsquo;Alfred Jarry<\/a><\/h3>\n\n\n\n<p>Julien Schuh : En guise d\u2019introduction<br>\nAlexia Kalantzis : De la dissociation \u00e0 la pataphysique : lumi\u00e8res d\u2019Alfred Jarry et de Remy de Gourmont sur les choses du temps<br>\nNicolas Malais : Amiti\u00e9s et rivalit\u00e9s (typo) graphiques de Remy de Gourmont &amp; Alfred Jarry<br>\nJulien Schuh : Les \u0153uvres en miroir de Jarry et de Saint-Pol-Roux<br>\nPac\u00f4me Thiellement : Le renard &amp; le corps astral<br>\nMatthieu Gosztola : Jarry, P\u00e9ladan : un dialogue d\u2019initi\u00e9s ?<br>\nJill Fell : Les incursions litt\u00e9raires de Jarry par del\u00e0 la fronti\u00e8re belge<br>\nAgn\u00e8s Lhermitte : \u00ab une encre de poudre et de gin \u00bb : Dr Faustroll et M. Schwob<br>\nDiana Beaume : Alfred Jarry et Robert Musil<br>\nJulien Schuh : Notes sur Jarry et Shakespeare<br>\nMaria Vega : Jarry et Segalen, l\u2019identit\u00e9 et l\u2019absolu<br>\nSp\u00e9culations<br>\n&#8211; Daniel Zinszner : Prom\u2019nons-nous dans les bois<br>\n&#8211; Julien Schuh : Jarry et Holbein<br>\n&#8211; Guy Bodson : Pour une mise en couleur selon le code h\u00e9raldique<br>\nIn\u00e9dits<br>\n&#8211; Lettre d\u2019Alfred Jarry \u00e0 un correspondant inconnu<br>\n&#8211; Lettre de Jean de Tinan \u00e0 Alfred Jarry<br>\nTexticules<\/p>\n\n\n\n<h3 class=\"wp-block-heading\">113\/114: L&rsquo;Ymagier 5<\/h3>\n\n\n\n<h3 class=\"wp-block-heading\"><a href=\"http:\/\/alfredjarry.fr\/amisjarry\/fichiers_ea\/etoile_absinthe_115_116reduit.pdf\" target=\"_blank\" rel=\"noreferrer noopener\">115\/116: Actes du colloque Alfred Jarry et les Arts<\/a><\/h3>\n\n\n\n<p>Catherine Fayal : Le Mot du Maire<br>\nHenri B\u00e9har : Pr\u00e9sentation<br>\nAndr\u00e9 Cariou : Charles Filiger en 1894<br>\nJos Pennec : Le voyage initiatique de Jarry \u00e0 Pont-Aven en 1894<br>\nPatrick Besnier : Jarry vu par\u2026<br>\nPaul Edwards : Les Minutes de sable m\u00e9morial et Joseph Sattler<br>\nDiana Beaume : Albrecht D\u00fcrer vu par Alfred Jarry<br>\nJulien Schuh : Jarry synth\u00e9tiste<br>\nJill Fell : Jarry et Gerhard Munthe<br>\nMatthieu Gosztola : Jarry peintre, dessinateur et graveur<br>\nIsabelle Krzywkowski : Les \u00ab 13 images \u00bb<br>\nMarieke Dubbelboer :L\u2019\u00e9criture visuelle dans les Almanachs du P\u00e8re Ubu<br>\nJean-Paul Morel : De H\u00fce \u00e0 dia, et en avant la musique !<br>\nXavier Villebrun : Ubu est-il un calamar polonais ?<br>\nBarbara Pascarel : Du Docteur Festus \u00e0 Homoblicus<br>\nMaria Vega : Sur le chemin dall\u00e9 de l\u2019art populaire<br>\nHenri B\u00e9har : Jarry et les arts de la rue<br>\nMaria Gonzalez Menendez :1907 : \u00ab La Place d\u2019Arlequin est \u00e0 prendre \u00bb<br>\nAnnexes<br>\nIsabelle Krzywkowski : Sp\u00e9culation : Jarry et Philostrate<br>\nPaul Edwards : Quelques pistes de recherche<br>\nBio-bibliographies des intervenants<br>\nListe des abr\u00e9viations<br>\nCahier d&rsquo;illustration hors texte en milieu de volume.<\/p>\n\n\n\n<h3 class=\"wp-block-heading\">117\/118: Alfred Jarry, Autour d&rsquo;un testament.<\/h3>\n\n\n\n<p>Catalogue d&rsquo;archives par Jo\u00ebl Surcouf, Laval, Archives d\u00e9partementales de la Mayenne, 2007.<\/p>\n\n\n\n<h3 class=\"wp-block-heading\"><a href=\"http:\/\/alfredjarry.fr\/amisjarry\/fichiers_ea\/etoile_absinthe_119_120reduit.pdf\" target=\"_blank\" rel=\"noreferrer noopener\">119\/120: Centenaire Alfred Jarry, 1907-2007<\/a><\/h3>\n\n\n\n<p>Catalogue centenairique perp\u00e9tuel, par Isabelle Krzywkowski<br>\nAlain Chevrier, Des vers cach\u00e9s dans L\u2019Amour en visites<br>\nDiana Beaume, Le P\u00e8re Ubu comme exercice d\u2019admiration<br>\nJulien Schuh, Alfred Jarry lecteur de Marco-Polo<br>\nArticles non r\u00e9pertori\u00e9s sur les premi\u00e8res repr\u00e9sentations d\u2019Ubu Roi<br>\nTexticules<\/p>\n\n\n\n<h3 class=\"wp-block-heading\">121-122:<a href=\"http:\/\/alfredjarry.fr\/amisjarry\/fichiers_ea\/etoile_absinthe_121_122reduit.pdf\" target=\"_blank\" rel=\"noreferrer noopener\"> <em>Commentaires pour servir \u00e0 la lecture de l\u2019<\/em>Almanach du P\u00e8re Ubu illustr\u00e9 1899<\/a><\/h3>\n\n\n\n<p>Par Henri B\u00c9HAR, Marieke DUBBELBOER et Jean-Paul MOREL, accompagn\u00e9 du fac-simil\u00e9 de<em>L&rsquo;Almanahc du P\u00e8re Ubu illustr\u00e9 1899<\/em>.<a href=\"http:\/\/alfredjarry.fr\/amisjarry\/saaj\/Bonnes%20pages%20L'Etoile-Absinthe%20121-122.pdf\">.<\/a><\/p>\n\n\n\n<h3 class=\"wp-block-heading\"><strong><em>123-124: <a href=\"http:\/\/alfredjarry.fr\/amisjarry\/fichiers_ea\/etoile_absinthe_123_124reduit.pdf\" target=\"_blank\" rel=\"noopener\">Actes du colloque Jeunes chercheurs 2009, <\/a><\/em><\/strong><a href=\"http:\/\/alfredjarry.fr\/amisjarry\/fichiers_ea\/etoile_absinthe_123_124reduit.pdf\" target=\"_blank\" rel=\"noopener\"><strong><em>Jarry et Miro, Le Magasin pittoresque, comptes rendus peu connus sur Ubu roi<\/em><\/strong><\/a><\/h3>\n\n\n\n<p>Fran\u00e7ois Caradec (1924-2008)<br>\nActes de la journ\u00e9e d\u2019\u00e9tude \u00ab Jeunes chercheurs \u00bb 2009<br>\nSarah Brun : \u00ab La veine farcesque chez Jarry \u00bb<br>\nYosuk\u00e9 Goda : \u00ab Le cours de Bergson et la qu\u00eate de l\u2019absolu chez Alfred Jarry \u00bb<br>\nCl\u00e9ment Dessy : \u00ab Peinture synth\u00e9tiste et litt\u00e9rature : Les Jours et les Nuits d\u2019Alfred Jarry \u00bb<br>\nMaria Gonzalez Menendez : \u00ab La r\u00e9ception de Jarry dans l\u2019oeuvre de Joan Mir\u00f3 \u00bb<br>\n\u00c9tudes<br>\nLinda Klieger Stillman : \u00ab Alfred Jarry et Joan Mir\u00f3 : Textes pataphysiques et images surr\u00e9alistes \u00bb<br>\nAlain Chevrier : \u00ab Du homard chez Jarry : des chansons \u00e0 la fable \u00bb<br>\nJulien Schuh : \u00ab Jarry et Le Magasin pittoresque : une \u00e9rudition famili\u00e8re \u00bb<br>\nDocuments<br>\n\u00ab Jarry \u00e0 la lumi\u00e8re de la critique (1894-1897) \u00bb<br>\n\u00ab Des images, et rien de plus \u00bb<br>\n\u00ab Bonnes pages : Jean Volane, Albert Trachsel \u00bb<br>\nGuy Bodson : \u00ab Le premier Salon de la Rose+Croix \u00bb<br>\nTexticules<\/p>\n\n\n\n<h3 class=\"wp-block-heading\">125: Crocodile pliant et noix phourr\u00e9es [Correspondances in\u00e9dites de Jarry]<\/h3>\n\n\n\n<p>Textes r\u00e9unis et annot\u00e9s par Alastrait Brotchie, Paul Edwards, Barbara Pascarel et Eric Walbecq. &#8211; Paris, Bouche-Trou, 2010.<\/p>\n\n\n\n<h3 class=\"wp-block-heading\">126-127: <a href=\"http:\/\/alfredjarry.fr\/amisjarry\/fichiers_ea\/etoile_absinthe_126-127_reduit.pdf\" target=\"_blank\" rel=\"noopener\"><em>Commentaires pour servir \u00e0 la lecture des <\/em>Minutes de sable m\u00e9morial<\/a><\/h3>\n\n\n\n<p>Pr\u00e9sentation<br>\n<em>Blason<\/em><br>\nAlain Chevrier: \u00ab Un monogramme cach\u00e9 dans le blason des Minutes \u00bb<br>\n<em>Linteau<\/em><br>\nDiana Beaume: \u00ab Quelques remarques sur le \u201cLinteau\u201d des Minutes de sable m\u00e9morial et les \u201cbordures\u201d du chaos r\u00e9gulier \u00bb<br>\n<em>Lieds fun\u00e8bres<\/em><br>\nDiana Beaume: \u00ab Les revers du jeu macabre dans les \u201cLieds fun\u00e8bres\u201d \u00bb<br>\n<em>Les trois meubles du mage<\/em><br>\nYosuk\u00e9 Goda: \u00ab Du vampirisme litt\u00e9raire \u00bb<br>\n<em>Guignol<\/em><br>\nDiana Beaume: \u00ab \u201cL\u2019Autocl\u00e8te\u201d : R\u00e9sonnances esth\u00e9tiques de la magie de l\u2019espace feuillet\u00e9 \u00bb<br>\nJulien Schuh: \u00ab \u201cPhonographe\u201d : Des vertus musicales de l\u2019\u00e9guisier \u00bb<br>\n<em>Berceuse du mort<\/em><br>\nYosuk\u00e9 Goda: \u00ab Le jeu mystique \u00bb<br>\n<em>L \u2019opium<\/em><br>\nAur\u00e9lie Briquet: \u00ab Au pays de l\u2019Opium \u00bb<br>\n<em>La r\u00e9gularit\u00e9 de la ch\u00e2sse<\/em><br>\nAlain Chevrier: \u00ab Les \u00c9nerv\u00e9s de Jumi\u00e8ges au fil des Minutes de sable m\u00e9morial \u00bb<br>\n<em>Tapisseries<\/em><br>\nMatthieu Gosztola: \u00ab Tapisseries \u00bb<br>\n<em>Le sablier<\/em><br>\nHenri B\u00e9har: \u00ab Compter les Minutes\u00bb<\/p>\n\n\n\n<h3 class=\"wp-block-heading\"><strong>128-129: <a href=\"http:\/\/alfredjarry.fr\/amisjarry\/fichiers_ea\/etoile_absinthe_128_129.pdf\" target=\"_blank\" rel=\"noopener\"><em>Colloque 2010: Jarry et la Renaissance, h\u00e9raldique, in\u00e9dits<\/em> (155 p.)<\/a><\/strong><\/h3>\n\n\n\n<p>\u00c9thernit\u00e9<br>\nActes de la journ\u00e9e d\u2019\u00e9tude \u00ab&nbsp;Jarry et la Renaissance&nbsp;\u00bb (2011)<br>\nDiana Beaume&nbsp;: \u00ab&nbsp;Jarry, le go\u00fbt de l\u2019\u00e9rudition gratuite et sa fontaine renaissante&nbsp;\u00bb<br>\nAlain Chevrier&nbsp;: \u00ab&nbsp;D\u2019une source possible de Bosse-de-Nage et de son ha ha chez Bonaventure des P\u00e9riers&nbsp;\u00bb<br>\nJulien Schuh&nbsp;: \u00ab&nbsp;Jarry lecteur de B\u00e9roalde de Verville&nbsp;\u00bb<br>\n\u00c9tudes<br>\nDiana Beaume&nbsp;: \u00ab&nbsp;Petite histoire du rire s\u00e9rieux des origines \u00e0 Faustroll&nbsp;\u00bb<br>\nAlessandra Marangoni&nbsp;: \u00ab&nbsp;Que font \u00c9noch et \u00c9lie dans C\u00e9sar-Antechrist ? Sur l\u2019orthodoxie de Jarry&nbsp;\u00bb<br>\nMatthieu Gosztola&nbsp;: \u00ab&nbsp;Mise au point : La violence de Jarry \u00e0 l\u2019encontre de Zola, un fait d\u2019\u00e9poque ?&nbsp;\u00bb<br>\nAlain Chevrier&nbsp;: \u00ab&nbsp;Sur un sonnet h\u00e9raldique de Jarry : Le Bain du roi&nbsp;\u00bb<br>\nDocuments<br>\nJean-Paul Goujon&nbsp;: \u00ab&nbsp;Un article inconnu de Louis Lormel sur Jarry&nbsp;\u00bb<br>\nAlastair Brotchie&nbsp;: \u00ab&nbsp;La querelle d\u2019Ubu roi dans The Times Literary Supplement (1922)&nbsp;\u00bb<br>\nJulien Schuh&nbsp;: \u00ab&nbsp;Jarry \u00e0 la lumi\u00e8re de la critique (1894-1897)&nbsp;\u00bb<br>\n\u00ab&nbsp;Des images, et rien de plus (III)&nbsp;\u00bb<br>\nTexticules<br>\nThieri Foulc&nbsp;: \u00ab&nbsp;Brunella Eruli&nbsp;: Travaux invisibles&nbsp;\u00bb<br>\nParutions<br>\nTh\u00e8ses et m\u00e9moires<br>\nEnvois<br>\nVaria<\/p>\n\n\n\n<h3 class=\"wp-block-heading\"><strong>130-131: <a href=\"http:\/\/alfredjarry.fr\/amisjarry\/fichiers_ea\/etoile_absinthe_130_131.pdf\" target=\"_blank\" rel=\"noopener\"><em>Fac-simil\u00e9 des <\/em>Minutes de sable m\u00e9morial (210 p.), <em>pr\u00e9sence de Jarry \u00e0 la BLJD <\/em>(22 p.)<\/a><\/strong><\/h3>\n\n\n\n<p><a href=\"http:\/\/alfredjarry.fr\/amisjarry\/saaj\/Bon_de_commande_Minutes.pdf\">Pr\u00e9sentation et bon de commande<\/a><strong><br>\n<\/strong><\/p>\n\n\n\n<h3 class=\"wp-block-heading\">132-133: <a href=\"http:\/\/alfredjarry.fr\/amisjarry\/fichiers_ea\/etoile_absinthe_132_133.pdf\" target=\"_blank\" rel=\"noopener\">Actes du Colloque <em>Alfred Jarry, du manuscrit \u00e0 la typographie<\/em><\/a> (341 p.)<\/h3>\n\n\n\n<p><a href=\"http:\/\/alfredjarry.fr\/amisjarry\/saaj\/Bon_de_commande_Jarry_manuscrit.pdf\" target=\"_blank\" rel=\"noopener\">Pr\u00e9sentation et bon de commande<\/a><\/p>\n\n\n\n<p><a href=\"http:\/\/alfredjarry.fr\/amisjarry\/saaj\/Bonnes_pages_EA132-133.pdf\" target=\"_blank\" rel=\"noopener\">Bonnes pages (pr\u00e9face et sommaire)<\/a><\/p>\n\n\n\n<p><strong>Sommaire<\/strong><br>\nHenri B\u00e9har &amp; Julien Schuh,&nbsp;\u00ab Pr\u00e9sentation \u00bb, p. 7<\/p>\n\n\n\n<p><strong>\u00ab De par ceci qu\u2019on \u00e9crit l\u2019oeuvre \u00bb : manuscrits et g\u00e9n\u00e9tique<\/strong><br>\nHenri B\u00e9har,&nbsp;\u00ab Avant la lettre. Les manuscrits sont-ils de la litt\u00e9rature ? \u00bb, p. 13<br>\nYosuk\u00e9 Goda,&nbsp;\u00ab Jarry face \u00e0 la censure th\u00e9\u00e2trale \u00bb, p. 27<br>\nHenri Bordillon,&nbsp;\u00ab Marcueil dans le texte \u00bb, p. 49<br>\nDiana Beaume,&nbsp;\u00ab Paroles d\u00e9gel\u00e9es. \u00c0 propos du manuscrit de Pantagruel \u00bb, p. 61<br>\nJulien Schuh,&nbsp;\u00ab La Dragonne, un \u201cr\u00e9pertoire de l\u2019irr\u00e9alis\u00e9 actuel\u201d \u00bb, p. 79<br>\nPaul Edwards,&nbsp;\u00ab Collections et crocodiles \u00bb, p. 103<br>\n\u00c9ric Walbecq,&nbsp;\u00ab Jarry en toute lettre \u00bb, p. 115<br>\nMatthieu Gosztola,&nbsp;\u00ab Corner les pages \u00bb, p. 127<\/p>\n\n\n\n<p><strong>\u00ab Il n\u2019y a que la lettre qui soit litt\u00e9rature \u00bb : l\u2019imaginaire graphique<\/strong><br>\nMichel Arriv\u00e9,&nbsp;\u00ab Lettre, sens, litt\u00e9rature \u00bb, p. 135<br>\nMarc D\u00e9cimo, \u00ab Alfred Jarry face \u00e0 un r\u00e9gent \u00bb, p. 147<br>\nAur\u00e9lie Briquet, \u00ab Silences de L\u2019Amour absolu : blancs et ponctuation \u00bb, p. 167<\/p>\n\n\n\n<p><strong>\u00ab Rapide il imprime, il imprime, l\u2019imprimeur \u00bb : \u00e9dition et typographie<\/strong><br>\nAlain Chevrier, \u00ab La pr\u00e9sentation typographique des po\u00e8mes de Jarry \u00bb, p. 181<br>\n\u00c9douard Graham, \u00ab Jarry \u00e0 l\u2019\u00e9preuve du fac-simil\u00e9 \u00bb, p. 199<br>\nArmelle H\u00e9risson, \u00ab Le projet mirlitonesque et les opus Sansot \u00bb, p. 217<br>\nCl\u00e9ment Dessy, \u00ab La litt\u00e9rature en artisan \u00bb, p. 235<br>\nVincent Gogibu, \u00ab Remy de Gourmont &amp; Alfred Jarry \u00bb, p. 257<\/p>\n\n\n\n<p><strong>\u00ab On ne fait pas grand, on laisse grandir \u00bb : post\u00e9rit\u00e9<\/strong><br>\nJill Fell, \u00ab Une trajectoire polonaise \u00bb, p. 273<br>\nAnna Rykunova, \u00ab Alfred Jarry, Les Paralipom\u00e8nes d\u2019Ubu (1896) \u00bb, p. 287<br>\nH\u00e9l\u00e8ne Campaignolle &amp; Sophie Lesiewicz, \u00ab Ubu version LivrEsC \u00bb, p. 299<br>\nLinda Stillman, \u00ab De l\u2019expos\u00e9 \u00e0 l\u2019exposition : Collectionner Jarry \u00bb, p. 327<\/p>\n\n\n\n<h3 class=\"wp-block-heading\">134: <a href=\"http:\/\/alfredjarry.fr\/amisjarry\/fichiers_ea\/etoile_absinthe_134.pdf\" target=\"_blank\" rel=\"noreferrer noopener\">Varia (2015)<\/a> <\/h3>\n\n\n\n<p><strong>\u00c9tudes<\/strong><br>\nArmelle H\u00e9risson \u00ab\u2009Le mirliton, poly\u00e8dre d\u2019id\u00e9es&nbsp;\u00bb p. 9<br>\nAlain Chevrier \u00ab\u2009Sur le docteur Faustroll et Monsieur Lajaunisse\u2009\u00bb p. 21<br>\nAlain Chevrier \u00ab\u2009L\u2019\u00c9v\u00eaque de mer dans un conte d\u2019Eug\u00e8ne Mouton\u2009\u00bb p. 27<br>\nAlain Chevrier \u00ab\u2009Th\u00e8mes et contraintes h\u00e9raldiques dans les romans de Jarry&nbsp;\u00bb p. 35<br>\nAlain Chevrier \u00ab\u2009Sur Bosse-de-Nage : de gibbon au papion&nbsp;\u00bb p. 47<br>\nAur\u00e9lie Briquet \u00ab\u2009Les \u00ab Treize images \u00bb, une combinatoire de cellules essentielles ?\u2009\u00bb p. 51<br>\nBeno\u00eet No\u00ebl \u00ab\u2009Alfred Jarry \u00e9cartel\u00e9 entre l\u2019\u00c9toile-Absinthe et l\u2019\u00c9toile de Pierre\u2009\u00bb p. 61<br>\nHenri Bordillon \u00ab\u2009Jarry, le \u00ab dernier dorset \u00bb ?\u2009\u00bb p. 101<br>\nLine Mc Murray \u00ab\u2009Le \u00ab Rhizomorhododendron \u00bb portrait \u00e9copsychologique d\u2019Alfred Jarry Conf\u00e9rence pour Philadelphie, mars 2014,\u2009\u00bb p. 129<br>\n<strong>Texticules<\/strong><br>\nAlain Chevrier \u00ab\u2009Deux autres traces de Jarry chez John-Antoine Nau\u2009\u00bb p. 149<br>\nAlain Chevrier \u00ab\u2009Ubu chez Demolder\u2009\u00bb p. 151<br>\nJean-Paul Goujon \u00ab\u2009Envois de Jarry \u00e0 Jean de Tinan et Anatole France\u2009\u00bb p. 155<br>\nParutions p. 157<br>\nTh\u00e9\u00e2tre p. 173<\/p>\n\n\n\n<h3 class=\"wp-block-heading\">135: Remy de Gourmont,&nbsp;<em>Correspondance<\/em>, t. III<\/h3>\n\n\n\n<p>La livraison 135 de&nbsp;<em>L&rsquo;\u00c9toile-Absinthe<\/em> est constitu\u00e9e du troisi\u00e8me volume de la correspondance de Gourmont,&nbsp;\u00e9dit\u00e9 par Vincent Gogibu aux \u00c9ditions du Sandre, qui contient plusieurs lettres in\u00e9dites de Gourmont \u00e0 Jarry.<\/p>\n\n\n\n<h3 class=\"wp-block-heading\">136:&nbsp;<a href=\"http:\/\/alfredjarry.fr\/amisjarry\/fichiers_ea\/etoile_absinthe_136.pdf\" data-type=\"link\" data-id=\"http:\/\/alfredjarry.fr\/amisjarry\/fichiers_ea\/etoile_absinthe_134.pdf\" target=\"_blank\" rel=\"noreferrer noopener\">\u00c0 Jarry (2016)<\/a><\/h3>\n\n\n\n<p>Textes d\u00e9di\u00e9s \u00e0 Jarry \u00e9dit\u00e9s et pr\u00e9sent\u00e9s par Paul Edwards avec le concours de la Soci\u00e9t\u00e9 des Amis d\u2019Alfred Jarry.<\/p>\n\n\n\n<h3 class=\"wp-block-heading\">137:&nbsp;<a href=\"http:\/\/alfredjarry.fr\/amisjarry\/fichiers_ea\/etoile_absinthe_137.pdf\" target=\"_blank\" rel=\"noreferrer noopener\"><em>Jarry a-t-il eu des disciples ?<\/em> (2017)<\/a><\/h3>\n\n\n\n<p><strong>Dossier : Jarry a-t-il eu des disciples ?<\/strong><br>\nPr\u00e9sentation,&nbsp;p. 11<br>\nAlain Chevrier,&nbsp;Un po\u00e8me de Louis de Gonzague Frick sur Jarry et la pataphysique, p. 13<br>\nRiewert Ehrich,&nbsp;Jarry et l\u2019art \u2013 Jarry dans l\u2019art, p. 23<br>\nThierry Gillyboeuf,&nbsp;Jarry et Gourmont : Gestes, Ymages, \u00c9pilogues et Sp\u00e9culations, p. 47<br>\nPatrick Besnier &amp; Julien Schuh,&nbsp;Ni un monstre ni une folle : Marie Huot, p. 89<br>\nMika\u00ebl Lugan,&nbsp;A.-Yves Le Moyne, premier \u00e9pigone de Jarry, p. 105<br>\nJulien Schuh,&nbsp;Notes sur Jarry et Cendrars, p. 125<br>\n<strong>Documents et in\u00e9dits<\/strong><br>\nAlain Chevrier,&nbsp;Jarry, Dayros, Henri Bouillon et Le Coupeur de lys, p. 133<br>\nPaul Edwards,&nbsp;Jarry et les objets anthropologiques, p. 143<br>\nGlanes journalistiques, p. 153<br>\nJarry dans Comoedia, p. 157<br>\nTexticules, p.&nbsp;181<\/p>\n\n\n\n<h3 class=\"wp-block-heading\">138: <a href=\"http:\/\/alfredjarry.fr\/amisjarry\/fichiers_ea\/etoile_absinthe_138.pdf\" target=\"_blank\" rel=\"noreferrer noopener\">Charlotte Jarry,&nbsp;<em>Lettres \u00e0 Rachilde et Alfred Vallette<\/em>&nbsp;(2017-2).<\/a>&nbsp;<\/h3>\n\n\n\n<p><a href=\"http:\/\/alfredjarry.fr\/jarry\/?page_id=187\" target=\"_blank\" rel=\"noreferrer noopener\">Description et bon de commande<\/a><\/p>\n\n\n\n<p>300 exemplaires, dont 25 exemplaires sur papier verg\u00e9, 13,5 x 20 cm, 144 pages, impression en bichromie rouge\/noir, couverture \u00e0 rabat, non coup\u00e9.<\/p>\n\n\n\n<p>Pr\u00e9face de Julien Schuh;&nbsp;Notes in\u00e9dites de No\u00ebl Arnaud sur Charlotte Jarry.<\/p>\n\n\n\n<h3 class=\"wp-block-heading\">139: <a href=\"http:\/\/alfredjarry.fr\/amisjarry\/fichiers_ea\/etoile_absinthe_139.pdf\" target=\"_blank\" rel=\"noreferrer noopener\">Documents in\u00e9dits autour de No\u00ebl Arnaud (2019)<\/a><\/h3>\n\n\n\n<p>Pr\u00e9sentation<br>IN\u00c9DITS<br>Correspondance<br>Lettre de No\u00ebl Arnaud \u00e0 Roland Laudenbach et Fran\u00e7ois Caradec<br>Lettre de Fran\u00e7ois Caradec \u00e0 No\u00ebl Arnaud<br>Fragments<br>Visites des lieux le 29 mars 1968<br>[L\u2019alcoolismedeJarry]<br>Entretien. Jarry et Ubu Encha\u00een\u00e9<br>Chronologie<br>\u00c9missions radiophoniques &amp; t\u00e9l\u00e9vis\u00e9es<br>VARIA<br>Jill Fell, Un souvenir du Th\u00e9\u00e2tre des Pantins dans Correspondances de Bonnard ?<br>Francis Gandon, UBU verlan. Sur un surnom inconnu du professeur H\u00e9bert en 1884<\/p>\n\n\n\n<h3 class=\"wp-block-heading\">140-141: J.-C. Averty adaptateur de Jarry (2020-2021)<\/h3>\n\n\n\n<p>Pr\u00e9sentation<br>Dominique Remande, Jean-Christophe Averty : souvenirs de sa venue \u00e0 Laval en mai-juin 1995 \u00e0 l&rsquo;occasion du tournage de son vid\u00e9ogramme documentaire \u00ab Alfred Jarry \u00bb, r\u00e9alis\u00e9 pour la collection Un si\u00e8cle d\u2019\u00e9crivains<br>Fran\u00e7ois Jost, Du renoncement \u00e0 la couleur \u00e0 une esth\u00e9tique et \u00e0 une \u00e9thique du noir et blanc. Averty dans ses \u0153uvres<br>Patrick Besnier, \u00ab De et d\u2019apr\u00e8s Alfred Jarry \u00bb. Le Surm\u00e2le de Jean-Christophe Averty<br>Henri B\u00e9har, Duchamp s&rsquo;invite chez Jarry. \u00c0 propos de l&rsquo;adaptation du Surm\u00e2le par J.-C. Averty, 1980<br>Caroline Barbier de Reulle, Averty\/Jarry. Ubuquit\u00e9 sur la butte dans Ubu plus \u00e0 l\u2019\u0153il<\/p>\n\n\n\n<h3 class=\"wp-block-heading\">142: Varia (2022)<\/h3>\n\n\n\n<p>SP\u00c9CULATIONS<br>Alain Chevrier, D\u2019un ant\u00e9c\u00e9dent du calcul de la surface de Dieu<br>Jarry et Ubu dans deux ballades d\u2019Andr\u00e9 Ibels<br>Un po\u00e8me de Paul-Napol\u00e9on Roinard d\u00e9di\u00e9 \u00e0 Jarry<\/p>\n\n\n\n<p>DOCUMENTS<br>Julien Schuh, Floril\u00e8ge : Ubu (d\u2019)apr\u00e8s Jarry<br>Lugn\u00e9-Poe, \u00ab Huit jours de th\u00e9\u00e2tre \u00bb (1897); Mercure, \u00ab \u00c9chos : Ubu roi\u2026 de Prusse \u00bb (1915) ; G. Beaumont, \u00ab Grande revue de fin d\u2019ann\u00e9e. Les nouvelles aventures du P\u00e8re Ubu \u00bb (1922) ; H. Fr\u00e9d\u00e9ric Pottecher, \u00ab O\u00f9 je<br>rencontre les Palotins du Danube \u00bb (1932)<br>Julien Schuh, Correspondance<br>Alfred Jarry [\u00e0 Claude Terrasse], carte postale autographe (1906)<br>Lugn\u00e9-Poe [\u00e0 Rachilde], L.A.S (1896)<br>Jean-Paul Goujon, Willy et Ubu Roi<br>Jean-Paul Morel, Vollard et Puy : Ubus in\u00e9dits<\/p>\n\n\n\n<p>TEXTICULES<br>Julien Schuh, Iconographie potentielle : la Machine \u00e0<br>Peindre num\u00e9rique<br>Patrice Verdure, Saint-Brieuc 2023 ann\u00e9e jarryque<br>Autour de Jarry<br>Exposition; Ouvrages; M\u00e9moire; Articles<\/p>\n\n\n\n<h3 class=\"wp-block-heading\">143: A. Yves Le Moyne, <em>Au Rythme Du Silence<\/em> &amp; <em>Les Antidotes Fanfreluch\u00e9s<\/em>. Texte \u00e9tabli, pr\u00e9sent\u00e9 &amp; annot\u00e9 par Mika\u00ebl Lugan (2023)<\/h3>\n\n\n\n<p>La d\u00e9couverte de Jarry \u2013 d\u2019un Jarry, non pas r\u00e9duit \u00e0 Ubu, mais appr\u00e9hend\u00e9 dans la diversit\u00e9 de ses \u00e9crits \u2013 semble avoir servi de catalyseur \u00e0 la cr\u00e9ation po\u00e9tique de Le Moyne. Son premier recueil de 1912 l\u2019ignore simplement ; <em>Au rythme du silence<\/em> multiplie les r\u00e9f\u00e9rences \u2013 dans son paratexte comme dans la prosodie ou l\u2019intertextualit\u00e9 de certains po\u00e8mes \u2013 aux <em>Minutes de sable m\u00e9morial<\/em>, allant m\u00eame jusqu\u2019\u00e0 imiter la forme physique du recueil de 1894 ; <em>Les Antidotes fanfreluch\u00e9s<\/em>, enfin, poussent la confusion \u00e0 son plus haut degr\u00e9, qui convoquent l\u2019\u0153uvre jarryque dans onze des treize \u00ab tableaux \u00bb composant cette <em>resverie<\/em>. Ce num\u00e9ro offre une \u00e9dition critique d\u00e9finitive \u00e0 ces derniers recueils.<\/p>\n\n\n\n<h3 class=\"wp-block-heading\">144: P\u00e9ladan, <em>Istar<\/em>, texte \u00e9tabli, pr\u00e9sent\u00e9 &amp; annot\u00e9 par Samuel Kunkel (2024)<\/h3>\n\n\n\n<p>Jos\u00e9phin P\u00e9ladan fit scandale en 1888 avec la parution d\u2019<em>Istar<\/em>, le cinqui\u00e8me volume de son \u00ab \u00e9thop\u00e9e \u00bb litt\u00e9raire, La D\u00e9cadence latine, o\u00f9 il expose ses th\u00e9ories singuli\u00e8res sur la magie et la morale. Attaque contre la soci\u00e9t\u00e9 bourgeoise de son temps doubl\u00e9e d\u2019une improbable histoire d\u2019amour, le roman de cet ap\u00f4tre de l\u2019occulte catholique, jamais r\u00e9\u00e9dit\u00e9 depuis 1893, continue de surprendre par son audace. Cette premi\u00e8re \u00e9dition critique permet enfin de le red\u00e9couvrir dans toute son originalit\u00e9 et sa complexit\u00e9.<\/p>\n\n\n\n<h3 class=\"wp-block-heading\">145: Gustave Kahn,\u00a0<em>Le Conte de l\u2019Or et du Silence<\/em>, \u00e9dition critique pr\u00e9fac\u00e9e par Richard Shryock et Samuel Kunkel (2025)<\/h3>\n\n\n\n<p>Chef de file dans l\u2019avant-garde po\u00e9tique et th\u00e9oricien du vers libre, Gustave Kahn publia&nbsp;<em>Le Conte de l\u2019or et du silence<\/em>&nbsp;en 1898,&nbsp;brouillant&nbsp;les conventions du roman&nbsp;au nom de l\u2019esth\u00e9tique symboliste.&nbsp;Avec un langage qui s\u2019apparente davantage \u00e0 la po\u00e9sie qu\u2019\u00e0 la prose, ce \u00ab&nbsp;conte lyrique et mythique&nbsp;\u00bb s\u2019inspire d\u2019un m\u00e9lange de traditions bibliques, grecques, orientales et arthuriennes. Mais Kahn se d\u00e9barrasse&nbsp;aussi des conventions de la narration&nbsp;: on y&nbsp;suit le parcours \u00e9nigmatique du roi Balthazar \u00e0 travers le temps et l\u2019espace, naviguant plusieurs si\u00e8cles et plusieurs cadres \u2013 bibliques et moyen\u00e2geux.&nbsp;\u0152uvre complexe et \u00e9l\u00e9gante d\u2019hier et d\u2019aujourd\u2019hui, Henri Gh\u00e9on signera sa&nbsp;sophistication en ces&nbsp;mots&nbsp;: \u00ab [Le Conte] n\u2019a pas d\u2019analogue dans notre litt\u00e9rature et manifeste une volont\u00e9 de complication artistique sans exemple.&nbsp;\u00bb&nbsp;Cette r\u00e9\u00e9dition, la premi\u00e8re depuis sa parution, est agr\u00e9ment\u00e9e d\u2019une introduction fournissant des clefs de lecture permettant de (re)d\u00e9couvrir ce&nbsp;chef-d\u2019\u0153uvre&nbsp;de la prose finis\u00e9culaire dans toute sa richesse.&nbsp;<\/p>\n\n\n\n<p>Les derni\u00e8res livraisons de <em>L&rsquo;\u00c9toile-Absinthe<\/em> peuvent \u00eatre achet\u00e9es <a href=\"http:\/\/www.dulerot.fr\/\" target=\"_blank\" rel=\"noopener\">aupr\u00e8s de notre \u00e9diteur, Du L\u00e9rot<\/a>.<\/p>\n","protected":false},"excerpt":{"rendered":"<p>Gr\u00e2ce \u00e0 la g\u00e9n\u00e9rosit\u00e9 de la mairie et de la biblioth\u00e8que de Laval, la totalit\u00e9 des num\u00e9ros de la revue de la Soci\u00e9t\u00e9 des Amis d&rsquo;Alfred Jarry, L&rsquo;\u00c9toile-Absinthe, a \u00e9t\u00e9 num\u00e9ris\u00e9e et est \u00e0 pr\u00e9sent disponible sur ce site (\u00e0 l&rsquo;exception des num\u00e9ros les plus r\u00e9cents, des catalogues et des reprints). Vous pouvez t\u00e9l\u00e9charger chaque &hellip; <a href=\"https:\/\/alfredjarry.fr\/jarry\/?page_id=18\" class=\"more-link\">Continuer la lecture de <span class=\"screen-reader-text\">L&rsquo;\u00c9toile-Absinthe<\/span><\/a><\/p>\n","protected":false},"author":1,"featured_media":0,"parent":0,"menu_order":0,"comment_status":"closed","ping_status":"closed","template":"","meta":{"footnotes":""},"class_list":["post-18","page","type-page","status-publish","hentry"],"_links":{"self":[{"href":"https:\/\/alfredjarry.fr\/jarry\/index.php?rest_route=\/wp\/v2\/pages\/18","targetHints":{"allow":["GET"]}}],"collection":[{"href":"https:\/\/alfredjarry.fr\/jarry\/index.php?rest_route=\/wp\/v2\/pages"}],"about":[{"href":"https:\/\/alfredjarry.fr\/jarry\/index.php?rest_route=\/wp\/v2\/types\/page"}],"author":[{"embeddable":true,"href":"https:\/\/alfredjarry.fr\/jarry\/index.php?rest_route=\/wp\/v2\/users\/1"}],"replies":[{"embeddable":true,"href":"https:\/\/alfredjarry.fr\/jarry\/index.php?rest_route=%2Fwp%2Fv2%2Fcomments&post=18"}],"version-history":[{"count":41,"href":"https:\/\/alfredjarry.fr\/jarry\/index.php?rest_route=\/wp\/v2\/pages\/18\/revisions"}],"predecessor-version":[{"id":295,"href":"https:\/\/alfredjarry.fr\/jarry\/index.php?rest_route=\/wp\/v2\/pages\/18\/revisions\/295"}],"wp:attachment":[{"href":"https:\/\/alfredjarry.fr\/jarry\/index.php?rest_route=%2Fwp%2Fv2%2Fmedia&parent=18"}],"curies":[{"name":"wp","href":"https:\/\/api.w.org\/{rel}","templated":true}]}}