{"id":52,"date":"2015-01-27T19:26:10","date_gmt":"2015-01-27T19:26:10","guid":{"rendered":"http:\/\/alfredjarry.fr\/jarry\/?page_id=52"},"modified":"2018-01-15T23:38:38","modified_gmt":"2018-01-15T23:38:38","slug":"liens","status":"publish","type":"page","link":"https:\/\/alfredjarry.fr\/jarry\/?page_id=52","title":{"rendered":"Liens"},"content":{"rendered":"<h3>Autour de Jarry<\/h3>\n<p>Site des\u00a0<a href=\"http:\/\/alfredjarry.fr\/accueil\/index.php\" target=\"_blank\">Festivit\u00e9s du Centenaire<\/a>\u00a0con\u00e7u par la ville de Laval en 2007 (exposition virtuelle, biographie, num\u00e9risations&#8230;)<\/p>\n<p><a href=\"http:\/\/www2.ku.edu\/~sma\/almanac\/almanac.htm\" target=\"_blank\">Ubu&rsquo;s Almanac<\/a> (tr\u00e8s riche exposition de dessins et gravures de Jarry)<\/p>\n<p><a href=\"http:\/\/fr.wikipedia.org\/wiki\/Alfred_Jarry\" target=\"_blank\">Jarry sur wikip\u00e9dia<\/a><\/p>\n<p><a href=\"http:\/\/www.encyclique.com\/index.html\" target=\"_blank\">Le cyclisme en litt\u00e9rature<\/a> (avec une section consacr\u00e9e \u00e0 Jarry)<\/p>\n<h3>Autour des\u00a0revues symbolistes<\/h3>\n<p><a href=\"http:\/\/petitesrevues.blogspot.fr\/\" target=\"_blank\">Les petites revues<\/a><\/p>\n<p><a href=\"http:\/\/prelia.fr\/\" target=\"_blank\">PRELIA<\/a>\u00a0(Petites REvues de LItt\u00e9rature et d&rsquo;Art)<\/p>\n<p><a href=\"http:\/\/www.revues-litteraires.com\/\" target=\"_blank\">Revues Litt\u00e9raires<\/a><\/p>\n<p><a href=\"http:\/\/livrenblog.blogspot.fr\/\" target=\"_blank\">Livrenblog<\/a><\/p>\n<h3>Amiti\u00e9s litt\u00e9raires et artistiques<\/h3>\n<p><a href=\"http:\/\/www.marcel-schwob.org\/\" target=\"_blank\">Soci\u00e9t\u00e9 Marcel Schwob<\/a><\/p>\n<p>Site de Christian Buat consacr\u00e9 \u00e0\u00a0<a href=\"http:\/\/www.remydegourmont.org\/index2.php\" target=\"_blank\">Remy de Gourmont<\/a><\/p>\n<p>Site d&rsquo;Andr\u00e9 Cariou consacr\u00e9 \u00e0 <a href=\"http:\/\/www.charles-filiger.fr\/\" target=\"_blank\">Charles Filiger<\/a><\/p>\n<p><a href=\"http:\/\/gourmont.hypotheses.org\/cargo\" target=\"_blank\">Cercle des Amateurs de Remy de Gourmont<\/a><\/p>\n<p><a href=\"https:\/\/saspr.hypotheses.org\/\" target=\"_blank\">Soci\u00e9t\u00e9 des amis de Saint-Pol-Roux<\/a><\/p>\n<p><a href=\"http:\/\/slhdr.hypotheses.org\/societe-des-lecteurs-dhenri-de-regnier\" target=\"_blank\">Soci\u00e9t\u00e9 des Lecteurs d&rsquo;Henri de R\u00e9gnier<\/a><\/p>\n<p><a href=\"http:\/\/leonpaulfargue.pagespro-orange.fr\/\" target=\"_blank\">L\u00e9on-Paul Fargue<\/a><\/p>\n<p><a href=\"http:\/\/www.andrebreton.fr\/\" target=\"_blank\">Andr\u00e9 Breton<\/a><\/p>\n<p><a href=\"http:\/\/www.malraux.org\/\" target=\"_blank\">Andr\u00e9 Malraux<\/a><\/p>\n<h3>Editeurs<\/h3>\n<p><a href=\"http:\/\/www.dulerot.fr\/\" target=\"_blank\">Du L\u00e9rot<\/a>, \u00e9diteur de\u00a0<em>L&rsquo;Etoile-Absinthe<\/em> depuis 2007<\/p>\n<p>Site des \u00e9ditions\u00a0<a href=\"http:\/\/www.alexandrines.fr\/\" target=\"_blank\">alexandrines<\/a>.<\/p>\n","protected":false},"excerpt":{"rendered":"<p>Autour de Jarry Site des\u00a0Festivit\u00e9s du Centenaire\u00a0con\u00e7u par la ville de Laval en 2007 (exposition virtuelle, biographie, num\u00e9risations&#8230;) Ubu&rsquo;s Almanac (tr\u00e8s riche exposition de dessins et gravures de Jarry) Jarry sur wikip\u00e9dia Le cyclisme en litt\u00e9rature (avec une section consacr\u00e9e \u00e0 Jarry) Autour des\u00a0revues symbolistes Les petites revues PRELIA\u00a0(Petites REvues de LItt\u00e9rature et d&rsquo;Art) Revues &hellip; <a href=\"https:\/\/alfredjarry.fr\/jarry\/?page_id=52\" class=\"more-link\">Continuer la lecture de <span class=\"screen-reader-text\">Liens<\/span><\/a><\/p>\n","protected":false},"author":1,"featured_media":0,"parent":0,"menu_order":0,"comment_status":"closed","ping_status":"closed","template":"","meta":{"footnotes":""},"class_list":["post-52","page","type-page","status-publish","hentry"],"_links":{"self":[{"href":"https:\/\/alfredjarry.fr\/jarry\/index.php?rest_route=\/wp\/v2\/pages\/52","targetHints":{"allow":["GET"]}}],"collection":[{"href":"https:\/\/alfredjarry.fr\/jarry\/index.php?rest_route=\/wp\/v2\/pages"}],"about":[{"href":"https:\/\/alfredjarry.fr\/jarry\/index.php?rest_route=\/wp\/v2\/types\/page"}],"author":[{"embeddable":true,"href":"https:\/\/alfredjarry.fr\/jarry\/index.php?rest_route=\/wp\/v2\/users\/1"}],"replies":[{"embeddable":true,"href":"https:\/\/alfredjarry.fr\/jarry\/index.php?rest_route=%2Fwp%2Fv2%2Fcomments&post=52"}],"version-history":[{"count":5,"href":"https:\/\/alfredjarry.fr\/jarry\/index.php?rest_route=\/wp\/v2\/pages\/52\/revisions"}],"predecessor-version":[{"id":183,"href":"https:\/\/alfredjarry.fr\/jarry\/index.php?rest_route=\/wp\/v2\/pages\/52\/revisions\/183"}],"wp:attachment":[{"href":"https:\/\/alfredjarry.fr\/jarry\/index.php?rest_route=%2Fwp%2Fv2%2Fmedia&parent=52"}],"curies":[{"name":"wp","href":"https:\/\/api.w.org\/{rel}","templated":true}]}}